

{"id":8090,"date":"2024-08-29T09:29:44","date_gmt":"2024-08-29T02:29:44","guid":{"rendered":"https:\/\/interpetfest.com\/?page_id=8090"},"modified":"2024-08-29T11:12:06","modified_gmt":"2024-08-29T04:12:06","slug":"exhibitor-regulation","status":"publish","type":"page","link":"https:\/\/interpetvietnam.com\/fr\/festival-des-animaux-de-compagnie-de-thao-dien\/reglementation-des-exposants\/","title":{"rendered":"R\u00e8glement des exposants"},"content":{"rendered":"<div data-elementor-type=\"wp-page\" data-elementor-id=\"8090\" class=\"elementor elementor-8090\" data-elementor-post-type=\"page\">\n\t\t\t\t\t\t\t<div class=\"elementor-element elementor-element-d6aa99c e-flex e-con-boxed e-con\" data-id=\"d6aa99c\" data-element_type=\"container\" data-settings=\"{&quot;content_width&quot;:&quot;boxed&quot;}\">\n\t\t\t\t\t<div class=\"e-con-inner\">\n\t\t<div class=\"elementor-element elementor-element-368a4e0 e-flex e-con-boxed e-con\" data-id=\"368a4e0\" data-element_type=\"container\" data-settings=\"{&quot;background_background&quot;:&quot;classic&quot;,&quot;content_width&quot;:&quot;boxed&quot;}\">\n\t\t\t\t\t<div class=\"e-con-inner\">\n\t\t\t\t<div class=\"elementor-element elementor-element-34cc95a elementor-widget elementor-widget-heading\" data-id=\"34cc95a\" data-element_type=\"widget\" data-widget_type=\"heading.default\">\n\t\t\t\t<div class=\"elementor-widget-container\">\n\t\t\t<style>\/*! elementor - v3.15.0 - 02-08-2023 *\/\n.elementor-heading-title{padding:0;margin:0;line-height:1}.elementor-widget-heading .elementor-heading-title[class*=elementor-size-]>a{color:inherit;font-size:inherit;line-height:inherit}.elementor-widget-heading .elementor-heading-title.elementor-size-small{font-size:15px}.elementor-widget-heading .elementor-heading-title.elementor-size-medium{font-size:19px}.elementor-widget-heading .elementor-heading-title.elementor-size-large{font-size:29px}.elementor-widget-heading .elementor-heading-title.elementor-size-xl{font-size:39px}.elementor-widget-heading .elementor-heading-title.elementor-size-xxl{font-size:59px}<\/style><h1 class=\"elementor-heading-title elementor-size-default\">R\u00e8glement des exposants<\/h1>\t\t<\/div>\n\t\t\t\t<\/div>\n\t\t\t\t\t<\/div>\n\t\t\t\t<\/div>\n\t\t\t\t\t<\/div>\n\t\t\t\t<\/div>\n\t\t<div class=\"elementor-element elementor-element-6762e52 e-flex e-con-boxed e-con\" data-id=\"6762e52\" data-element_type=\"container\" data-settings=\"{&quot;content_width&quot;:&quot;boxed&quot;}\">\n\t\t\t\t\t<div class=\"e-con-inner\">\n\t\t<div class=\"elementor-element elementor-element-ee36949 e-con-full e-flex e-con\" data-id=\"ee36949\" data-element_type=\"container\" data-settings=\"{&quot;content_width&quot;:&quot;full&quot;}\">\n\t\t\t\t<div class=\"elementor-element elementor-element-059a311 elementor-nav-menu__align-center elementor-nav-menu--dropdown-none custom-menu-exhibit elementor-widget elementor-widget-nav-menu\" data-id=\"059a311\" data-element_type=\"widget\" data-settings=\"{&quot;layout&quot;:&quot;vertical&quot;,&quot;submenu_icon&quot;:{&quot;value&quot;:&quot;&lt;i class=\\&quot;fas fa-caret-down\\&quot;&gt;&lt;\\\/i&gt;&quot;,&quot;library&quot;:&quot;fa-solid&quot;}}\" data-widget_type=\"nav-menu.default\">\n\t\t\t\t<div class=\"elementor-widget-container\">\n\t\t\t<link rel=\"stylesheet\" href=\"https:\/\/interpetvietnam.com\/wp-content\/plugins\/elementor-pro\/assets\/css\/widget-nav-menu.min.css\">\t\t\t<nav class=\"elementor-nav-menu--main elementor-nav-menu__container elementor-nav-menu--layout-vertical e--pointer-background e--animation-fade\">\n\t\t\t\t<ul id=\"menu-1-059a311\" class=\"elementor-nav-menu sm-vertical\"><li class=\"menu-item menu-item-type-post_type menu-item-object-page menu-item-8117\"><a href=\"https:\/\/interpetvietnam.com\/fr\/festival-des-animaux-de-compagnie-de-thao-dien\/pourquoi-exposer\/\" class=\"elementor-item\">Pourquoi exposer<\/a><\/li>\n<li class=\"menu-item menu-item-type-post_type menu-item-object-page menu-item-8116\"><a href=\"https:\/\/interpetvietnam.com\/fr\/festival-des-animaux-de-compagnie-de-thao-dien\/informations-sur-la-participation\/\" class=\"elementor-item\">Informations sur la participation<\/a><\/li>\n<li class=\"menu-item menu-item-type-post_type menu-item-object-page menu-item-8115\"><a href=\"https:\/\/interpetvietnam.com\/fr\/festival-des-animaux-de-compagnie-de-thao-dien\/inscription-des-exposants\/\" class=\"elementor-item\">Inscription des exposants<\/a><\/li>\n<li class=\"menu-item menu-item-type-post_type menu-item-object-page menu-item-8114\"><a href=\"https:\/\/interpetvietnam.com\/fr\/festival-des-animaux-de-compagnie-de-thao-dien\/reglementation-des-exposants\/\" class=\"elementor-item\">R\u00e8glement des exposants<\/a><\/li>\n<\/ul>\t\t\t<\/nav>\n\t\t\t\t\t\t<nav class=\"elementor-nav-menu--dropdown elementor-nav-menu__container\" aria-hidden=\"true\">\n\t\t\t\t<ul id=\"menu-2-059a311\" class=\"elementor-nav-menu sm-vertical\"><li class=\"menu-item menu-item-type-post_type menu-item-object-page menu-item-8117\"><a href=\"https:\/\/interpetvietnam.com\/fr\/festival-des-animaux-de-compagnie-de-thao-dien\/pourquoi-exposer\/\" class=\"elementor-item\" tabindex=\"-1\">Pourquoi exposer<\/a><\/li>\n<li class=\"menu-item menu-item-type-post_type menu-item-object-page menu-item-8116\"><a href=\"https:\/\/interpetvietnam.com\/fr\/festival-des-animaux-de-compagnie-de-thao-dien\/informations-sur-la-participation\/\" class=\"elementor-item\" tabindex=\"-1\">Informations sur la participation<\/a><\/li>\n<li class=\"menu-item menu-item-type-post_type menu-item-object-page menu-item-8115\"><a href=\"https:\/\/interpetvietnam.com\/fr\/festival-des-animaux-de-compagnie-de-thao-dien\/inscription-des-exposants\/\" class=\"elementor-item\" tabindex=\"-1\">Inscription des exposants<\/a><\/li>\n<li class=\"menu-item menu-item-type-post_type menu-item-object-page menu-item-8114\"><a href=\"https:\/\/interpetvietnam.com\/fr\/festival-des-animaux-de-compagnie-de-thao-dien\/reglementation-des-exposants\/\" class=\"elementor-item\" tabindex=\"-1\">R\u00e8glement des exposants<\/a><\/li>\n<\/ul>\t\t\t<\/nav>\n\t\t\t\t<\/div>\n\t\t\t\t<\/div>\n\t\t\t\t<\/div>\n\t\t<div class=\"elementor-element elementor-element-448b635 e-con-full e-flex e-con\" data-id=\"448b635\" data-element_type=\"container\" data-settings=\"{&quot;content_width&quot;:&quot;full&quot;}\">\n\t\t<div class=\"elementor-element elementor-element-cffe9b8 e-flex e-con-boxed e-con\" data-id=\"cffe9b8\" data-element_type=\"container\" data-settings=\"{&quot;content_width&quot;:&quot;boxed&quot;}\">\n\t\t\t\t\t<div class=\"e-con-inner\">\n\t\t<div class=\"elementor-element elementor-element-7f868c0 e-flex e-con-boxed e-con\" data-id=\"7f868c0\" data-element_type=\"container\" data-settings=\"{&quot;content_width&quot;:&quot;boxed&quot;}\">\n\t\t\t\t\t<div class=\"e-con-inner\">\n\t\t<div class=\"elementor-element elementor-element-3e9a151 e-flex e-con-boxed e-con\" data-id=\"3e9a151\" data-element_type=\"container\" data-settings=\"{&quot;background_background&quot;:&quot;classic&quot;,&quot;content_width&quot;:&quot;boxed&quot;}\">\n\t\t\t\t\t<div class=\"e-con-inner\">\n\t\t\t\t<div class=\"elementor-element elementor-element-e0b2c74 elementor-widget elementor-widget-heading\" data-id=\"e0b2c74\" data-element_type=\"widget\" data-widget_type=\"heading.default\">\n\t\t\t\t<div class=\"elementor-widget-container\">\n\t\t\t<h3 class=\"elementor-heading-title elementor-size-default\">R\u00c8GLEMENTS DES EXPOSANTS<\/h3>\t\t<\/div>\n\t\t\t\t<\/div>\n\t\t\t\t\t<\/div>\n\t\t\t\t<\/div>\n\t\t<div class=\"elementor-element elementor-element-7ca39d4 e-flex e-con-boxed e-con\" data-id=\"7ca39d4\" data-element_type=\"container\" data-settings=\"{&quot;content_width&quot;:&quot;boxed&quot;}\">\n\t\t\t\t\t<div class=\"e-con-inner\">\n\t\t\t\t<div class=\"elementor-element elementor-element-082e7d2 elementor-widget elementor-widget-text-editor\" data-id=\"082e7d2\" data-element_type=\"widget\" id=\"hiddenContent2\" data-widget_type=\"text-editor.default\">\n\t\t\t\t<div class=\"elementor-widget-container\">\n\t\t\t<style>\/*! elementor - v3.15.0 - 02-08-2023 *\/\n.elementor-widget-text-editor.elementor-drop-cap-view-stacked .elementor-drop-cap{background-color:#69727d;color:#fff}.elementor-widget-text-editor.elementor-drop-cap-view-framed .elementor-drop-cap{color:#69727d;border:3px solid;background-color:transparent}.elementor-widget-text-editor:not(.elementor-drop-cap-view-default) .elementor-drop-cap{margin-top:8px}.elementor-widget-text-editor:not(.elementor-drop-cap-view-default) .elementor-drop-cap-letter{width:1em;height:1em}.elementor-widget-text-editor .elementor-drop-cap{float:left;text-align:center;line-height:1;font-size:50px}.elementor-widget-text-editor .elementor-drop-cap-letter{display:inline-block}<\/style>\t\t\t\t<p>Bienvenue \u00e0 InterPet Expo Vi\u1ec7t Nam 2024 ! Afin de garantir une exp\u00e9rience s\u00fbre, agr\u00e9able et productive pour tous les participants, veuillez lire attentivement ces directives.<\/p>\n<p><strong>I. AVIS IMPORTANTS<\/strong><\/p>\n<p>1. Exon\u00e9ration de responsabilit\u00e9 \u2013 Acceptation des risques : En participant \u00e0 InterPet Expo Vi\u1ec7t Nam, les participants et les exposants assument tous les risques li\u00e9s \u00e0 leur participation \u00e0 l&#039;\u00e9v\u00e9nement, y compris les blessures corporelles ou les dommages mat\u00e9riels.<\/p>\n<p>2. Les exposants participant \u00e0 InterPet Expo Vi\u1ec7t Nam doivent \u00eatre conscients de la pr\u00e9sence d&#039;animaux de compagnie lors de l&#039;\u00e9v\u00e9nement. Il est donc de la responsabilit\u00e9 des exposants et des visiteurs de g\u00e9rer et de n\u00e9gocier toute interaction impliquant des animaux. Les organisateurs de l&#039;\u00e9v\u00e9nement d\u00e9clinent toute responsabilit\u00e9 en cas de probl\u00e8me ou de litige d\u00e9coulant de ces interactions.<\/p>\n<p>3. \u00c9tant donn\u00e9 que des animaux domestiques seront pr\u00e9sents \u00e0 l&#039;exposition, les exposants sont pri\u00e9s de veiller \u00e0 la propret\u00e9 des lieux afin de garantir un environnement propre et s\u00fbr pour tous.<\/p>\n<p>4. Pour devenir exposant \u00e0 notre \u00e9v\u00e9nement, vous devez \u00eatre en mesure de d\u00e9terminer la nature de l&#039;activit\u00e9 de votre entreprise et sa relation avec le secteur des animaux de compagnie.<\/p>\n<p>5. Les exigences en mati\u00e8re d&#039;identification des entreprises sont laiss\u00e9es \u00e0 la discr\u00e9tion de la direction d&#039;InterPet Expo Vi\u1ec7t Nam et peuvent inclure un ou plusieurs des \u00e9l\u00e9ments suivants\u00a0:<br>\u2013 Licence commerciale <br>\u2013 Site web\/page Facebook actifs<br>\u2013 Photos de vos produits\/marques<br>\u2013 Preuve de votre relation commerciale avec le propri\u00e9taire de la marque<br>\u2013 Num\u00e9ro fiscal<\/p>\n<p>6. Les inscriptions pour les stands sont closes une fois tous les stands r\u00e9serv\u00e9s, g\u00e9n\u00e9ralement un mois avant la date du salon. Deux phases d&#039;inscription sont pr\u00e9vues\u00a0: inscription anticip\u00e9e (Early Bird) et inscription g\u00e9n\u00e9rale (General). La date limite pour l&#039;inscription anticip\u00e9e est le 20\u00a0octobre et celle pour l&#039;inscription g\u00e9n\u00e9rale, le 10\u00a0janvier.<\/p>\n<p>7. Proc\u00e9dure de participation au stand d&#039;exposition\u00a0: Convenir du co\u00fbt de participation et choisir son emplacement<br>Pour les entreprises vietnamiennes\u00a0: Signez un contrat de TVA. R\u00e9glez l\u2019acompte 50% dans les 7\u00a0jours suivant la signature du contrat par les deux parties. R\u00e9glez le solde de l\u2019acompte 50% et les frais de location des services publics avant le 20\u00a0d\u00e9cembre\u00a02024. Vous recevrez ensuite votre facture de TVA.<br>Pour les entreprises hors du Vietnam\u00a0: veuillez signer le formulaire de demande. R\u00e9glez l\u2019acompte de 50% dans les 7\u00a0jours suivant la signature du contrat par les deux parties. R\u00e9glez le solde de l\u2019acompte de 50% et les frais de location des services publics avant le 20\u00a0d\u00e9cembre\u00a02024. Vous recevrez ensuite votre re\u00e7u de paiement. <br>D\u00e8s le r\u00e8glement de votre premier paiement, vous b\u00e9n\u00e9ficierez d&#039;une assistance imm\u00e9diate et continue de notre service client concernant les instructions de participation, les rappels, la construction du stand, la location des services, le plan de co-marketing\u2026<\/p>\n<p>8. Chaque exposant d&#039;InterPet Expo Vi\u1ec7t Nam recevra 5 badges nominatifs par stand. Si vous en avez besoin de plus ou moins, notre service client vous contactera pour confirmation. <br>Les badges nominatifs des exposants seront disponibles le 18 f\u00e9vrier 2025 de 13h30 \u00e0 17h00 et le 19 f\u00e9vrier 2025 de 9h00 \u00e0 18h00 au point d&#039;information du SECC. Pour retirer les badges de leur stand, les exposants devront indiquer le nom exact de leur entreprise, le num\u00e9ro de leur stand et pr\u00e9senter une pi\u00e8ce d&#039;identit\u00e9 (carte de visite, confirmation par courriel, etc.). L&#039;organisateur pourra demander une v\u00e9rification d&#039;identit\u00e9 en cas de doute.<\/p>\n<p>9. Les frais de location des services publics augmenteront de 10% pour une demande tardive (10 jours avant la date de l&#039;\u00e9v\u00e9nement) et de 30% pour une demande sur place (pendant la p\u00e9riode de construction et la p\u00e9riode du spectacle).<\/p>\n<p><strong>II. R\u00c8GLEMENT D&#039;UTILISATION DES CABINES STANDARD\u00a0:<\/strong><\/p>\n<p>1. Pour la d\u00e9coration standard des stands<br>Il est interdit de clouer, percer, fixer ou peindre les murs et les cadres en aluminium.<br>L\u2019utilisation d\u2019adh\u00e9sifs et de colles pour les banderoles et affiches sur les cloisons, les structures, les poutres, les poteaux ou le sol est strictement interdite. Tout autocollant, \u00e9l\u00e9ment graphique ou autre \u00e9l\u00e9ment de fixation appos\u00e9 sur le stand doit \u00eatre approuv\u00e9 par l\u2019organisateur et le prestataire officiel.<br>\u2013 Ne modifiez pas la structure de base du stand par d\u00e9montage ou installation sans l&#039;accord pr\u00e9alable du contractant officiel.<\/p>\n<p>2. Pour le mobilier fourni dans les cabines standard ou le mobilier de location<br>\u2013 Ne prenez ni ne d\u00e9placez aucun mobilier d&#039;autres stands ou situ\u00e9 en dehors des zones convenues sans l&#039;accord de l&#039;organisateur. Les stands et le mobilier lou\u00e9s doivent \u00eatre restitu\u00e9s en bon \u00e9tat.<br>Ne vous tenez pas debout, ne vous asseyez pas et ne posez pas d&#039;objets de plus de 20 kg sur les tables ou les \u00e9tag\u00e8res. N&#039;utilisez les chaises que pour vous asseoir.<br>\u2013 N\u2019utilisez ni couteau, ni marteau, ni machine, car cela pourrait endommager la structure du stand, la surface de la table ou de la chaise.<br>\u2013 Ne tra\u00eenez pas les tables, les chaises ou les machines qui pourraient endommager la moquette du stand.<\/p>\n<p>3. Pour la cloison de s\u00e9paration d&#039;une cabine standard<br>Les exposants doivent d\u00e9poser une caution pour les cloisons murales s&#039;ils utilisent des affiches coll\u00e9es ou des panneaux publicitaires m\u00e9talliques. Chaque cloison co\u00fbte 500\u00a0000 VND et sera rembours\u00e9e au guichet officiel apr\u00e8s l&#039;\u00e9v\u00e9nement, sous r\u00e9serve d&#039;absence de dommages.<\/p>\n<p>*Le r\u00e8glement ci-dessus s&#039;applique aux stands standards et entre en vigueur d\u00e8s leur r\u00e9ception par l&#039;exposant. L&#039;organisateur et le prestataire officiel peuvent demander l&#039;arr\u00eat des travaux d&#039;am\u00e9nagement du stand. L&#039;exposant est tenu d&#039;indemniser tout dommage caus\u00e9 \u00e0 la structure, au sol, aux murs et \u00e0 tout autre bien lui appartenant. L&#039;exposant peut exiger une majoration dont le montant est fix\u00e9 par l&#039;organisateur et le prestataire officiel.<\/p>\n<p><strong>III. R\u00c9GLEMENTATION RELATIVE \u00c0 LA CABINE DE STOCKAGE DE MATI\u00c8RES PREMI\u00c8RES :<\/strong><\/p>\n<p>1. Qu&#039;est-ce qu&#039;une cabine d&#039;espace brut ?<br>Les stands \u00ab\u00a0espace nu\u00a0\u00bb offrent uniquement l&#039;espace vide. Les exposants peuvent choisir de construire leur stand eux-m\u00eames ou de faire appel \u00e0 un entrepreneur. Dans ce cas, ils doivent soumettre le [Formulaire de demande\u00a0: Stands \u00ab\u00a0espace nu\u00a0\u00bb] et contacter la direction du b\u00e2timent pour s&#039;acquitter des frais suppl\u00e9mentaires conform\u00e9ment \u00e0 la r\u00e9glementation du SECC. Pour les stands \u00ab\u00a0espace nu\u00a0\u00bb, les frais suppl\u00e9mentaires \u00e0 payer au SECC comprennent\u00a0:<br>\u2013 Caution pour le chantier : 1\u00a0100\u00a0000 VND\/m\u00b2 (remboursable apr\u00e8s l\u2019exposition si aucun dommage n\u2019est caus\u00e9 aux installations du centre d\u2019exposition).<br>\u2013 Frais de gestion de chantier : 120 000 VND\/m\u00b2 (TVA incluse).<br>\u2013 Badges nominatifs pour le personnel de construction des stands bruts\u00a0: 110\u00a0000 VND\/badge (TVA incluse).<br>\u2013 Les frais de construction en dehors des heures ouvrables s&#039;\u00e9l\u00e8vent \u00e0 150 USD\/heure (le cas \u00e9ch\u00e9ant).<\/p>\n<p>2. R\u00e9glementation relative \u00e0 la construction des cabines d&#039;espace brut<br>2.1. Limitations de l&#039;espace d&#039;exposition\u00a0: Les articles expos\u00e9s doivent \u00eatre plac\u00e9s \u00e0 l&#039;int\u00e9rieur des limites du stand et ne doivent pas empi\u00e9ter sur l&#039;espace des autres stands. Toute structure de stand obstruant l&#039;all\u00e9e et de couleur assortie au tapis Pyrex est interdite. Tous les articles expos\u00e9s doivent \u00eatre des produits non explosifs.<br>2.2 Conception : La d\u00e9coration des stands, l&#039;\u00e9clairage et les syst\u00e8mes de sonorisation ne doivent pas affecter les stands voisins.<br>2.3 Conception de la construction : Les locataires de stands d&#039;espace brut doivent soumettre le [Formulaire : Inscription pour la construction d&#039;espace brut] accompagn\u00e9 des plans de construction \u00e0 l&#039;organisateur avant le 22 octobre 2024. Les exposants peuvent commencer \u00e0 construire leurs stands apr\u00e8s avoir re\u00e7u une lettre de confirmation de l&#039;organisateur.<br>2.4 Structure des stands\u00a0: La hauteur maximale autoris\u00e9e pour chaque stand est de 4,5 m\u00e8tres. Les participants doivent veiller \u00e0 ce que les articles expos\u00e9s soient correctement positionn\u00e9s et ne g\u00eanent pas les entr\u00e9es ni les sorties. Pour plus d\u2019informations, veuillez contacter l\u2019organisateur.<\/p>\n<p><strong>IV. R\u00c8GLEMENT G\u00c9N\u00c9RAL DES EXPOSITIONS<\/strong><br>1. Articles expos\u00e9s\u00a0: Les produits expos\u00e9s ne doivent pas obstruer les all\u00e9es et doivent \u00eatre plac\u00e9s \u00e0 au moins 30\u00a0cm du bord ext\u00e9rieur du stand. L\u2019organisateur se r\u00e9serve le droit de demander aux participants de d\u00e9placer les articles expos\u00e9s en cas de non-respect de cette r\u00e8gle. Ce r\u00e8glement s\u2019applique aux exposants comme aux visiteurs.<\/p>\n<p>2. R\u00e8glementation sonore\u00a0: L\u2019utilisation d\u2019\u00e9quipements sonores est autoris\u00e9e, \u00e0 condition que le volume sonore reste raisonnable. Le niveau sonore maximal autoris\u00e9 est de 80\u00a0dB. L\u2019organisateur se r\u00e9serve le droit d\u2019interdire l\u2019utilisation d\u2019\u00e9quipements sonores si le volume d\u00e9passe ce niveau.<\/p>\n<p>3. \u00c9clairage\u00a0: Les torches et les lustres sont interdits dans la zone d\u2019exposition. Les participants doivent s\u2019assurer que leur \u00e9clairage n\u2019affecte pas les stands voisins. Remarque importante\u00a0: Chaque prise est r\u00e9serv\u00e9e \u00e0 un seul appareil et ne peut pas servir \u00e0 l\u2019\u00e9clairage. Chaque connexion d\u2019\u00e9clairage est r\u00e9serv\u00e9e \u00e0 un seul appareil. Pour chaque ampoule, ruban LED de 3\u00a0m ou caisson lumineux de 1\u00a0m\u00b2, les participants doivent d\u00e9clarer une seule connexion d\u2019\u00e9clairage (100\u00a0W maximum).<\/p>\n<p>4. All\u00e9es\u00a0: L\u2019organisateur exige des exposants qu\u2019ils maintiennent les all\u00e9es propres. Les articles expos\u00e9s doivent \u00eatre correctement dispos\u00e9s avant le d\u00e9but de l\u2019exposition et ne doivent pas empi\u00e9ter sur les all\u00e9es.<\/p>\n<p>5. Modifications de la structure du stand : Si les exposants souhaitent modifier la conception de leur stand, ils doivent en informer l&#039;organisateur, et la modification n&#039;est valable qu&#039;apr\u00e8s confirmation de l&#039;organisateur et peut entra\u00eener des frais.<\/p>\n<p>6. Gestion des stands\u00a0: les exposants sont responsables de l\u2019entretien de leurs stands. Il est strictement interdit de clouer des objets sur les murs ou les cloisons et d\u2019utiliser des produits de peinture sur les sols ou \u00e0 l\u2019int\u00e9rieur des stands standard. En cas d\u2019infraction, le prestataire ou le centre d\u2019exposition est en droit d\u2019exiger une indemnisation du client. Les prestataires doivent fournir les coordonn\u00e9es d\u2019un interlocuteur sur place afin de faciliter toute communication en cas de besoin.<\/p>\n<p>7. Gestion du mat\u00e9riel d&#039;exposition\u00a0: Les exposants sont responsables de leur mat\u00e9riel. L&#039;organisateur d\u00e9cline toute responsabilit\u00e9 en cas de perte.<\/p>\n<p>8. Marchandises dangereuses\u00a0: Les exposants doivent soumettre le [Formulaire de demande\u00a0: Inscription pour l\u2019exposition de marchandises dangereuses] \u00e0 l\u2019organisateur avant la p\u00e9riode d\u2019exposition. Ils doivent \u00e9galement fournir les sp\u00e9cifications de s\u00e9curit\u00e9 des produits expos\u00e9s.<\/p>\n<p>9. Utilisation des stands\u00a0: Les exposants disposent de tous les droits d\u2019utilisation de leurs stands. La sous-location des stands \u00e0 des tiers est strictement interdite. L\u2019organisateur se r\u00e9serve le droit de retirer les droits d\u2019utilisation des stands en cas de non-respect de ce r\u00e8glement.<\/p>\n<p>10. Nettoyage\u00a0: Les exposants sont responsables de la propret\u00e9 de leurs stands et de l\u2019entretien de leur espace. Tout acte de jet de d\u00e9tritus ou de modification de la structure de leur stand sera passible des sanctions pr\u00e9vues par le r\u00e8glement du b\u00e2timent.<br>L&#039;organisateur s&#039;efforce de garantir un environnement propre au sein du centre d&#039;exposition. Pendant l&#039;\u00e9v\u00e9nement, il est responsable de la propret\u00e9 des all\u00e9es et des poubelles publiques. En revanche, les d\u00e9chets g\u00e9n\u00e9r\u00e9s lors des travaux et sur les stands sont \u00e0 la charge des entreprises et des exposants.<\/p>\n<p>Afin de minimiser les risques de poussi\u00e8re pour l&#039;environnement et la sant\u00e9 pendant les travaux, il est imp\u00e9ratif d&#039;utiliser des ponceuses \u00e0 bois \u00e9quip\u00e9es d&#039;un syst\u00e8me d&#039;aspiration des poussi\u00e8res lors du pon\u00e7age du mastic, et non un pon\u00e7age manuel. De m\u00eame, le sciage du bois n\u00e9cessite l&#039;utilisation d&#039;un syst\u00e8me d&#039;aspiration des poussi\u00e8res.<br>Les entreprises de construction doivent limiter l&#039;utilisation du gypse, car son d\u00e9montage g\u00e9n\u00e8re des d\u00e9chets solides qui nuisent \u00e0 l&#039;environnement et compliquent le nettoyage. Si du gypse est utilis\u00e9, le site doit \u00eatre enti\u00e8rement nettoy\u00e9 apr\u00e8s le d\u00e9montage. La SECC appliquera des sanctions \u00e9quivalentes \u00e0 celles pr\u00e9vues pour les d\u00e9versements de produits chimiques sur le sol (peinture, huile, solvant, etc.) en cas d&#039;infraction.<\/p>\n<p>11. R\u00e8glementation en mati\u00e8re de s\u00e9curit\u00e9<br>Les exposants doivent rester vigilants quant aux produits dangereux et les inspecter minutieusement avant leur exposition. Tous les frais d&#039;entretien sont \u00e0 la charge du client (y compris les \u00e9quipements dangereux, les appareils \u00e0 rayons X ou laser, les mat\u00e9riaux inflammables, les \u00e9quipements haute pression ou radioactifs, le mercure, etc.).<br>Toute personne travaillant dans le hall doit porter un casque de s\u00e9curit\u00e9 (y compris les ouvriers du chantier, les chefs de chantier, le personnel du SECC, le personnel de nettoyage, les agents de s\u00e9curit\u00e9 et l&#039;organisateur) pendant toute la dur\u00e9e des travaux. Les \u00e9chafaudages doivent \u00eatre \u00e9quip\u00e9s de roues (avec freins) pour faciliter et s\u00e9curiser les d\u00e9placements, en \u00e9vitant de poser directement les pieds m\u00e9talliques au sol. Cela permet \u00e9galement de fluidifier la circulation et de r\u00e9duire les encombrements pendant le chantier.<\/p>\n<p>12. R\u00e8glementation en mati\u00e8re de s\u00e9curit\u00e9 incendie<br>12.1 Flamme nue : radiateur, four, chaudi\u00e8re, cuisini\u00e8re \u00e9lectrique, s\u00e8che-linge, cuisini\u00e8res, tout \u00e9quipement inflammable (\u00e0 l&#039;exclusion des \u00e9quipements scell\u00e9s)<br>En cas de pr\u00e9paration de repas, les exposants doivent garantir la s\u00e9curit\u00e9 du mat\u00e9riel utilis\u00e9 et la personne responsable doit \u00eatre titulaire d&#039;une certification en cuisine. Les exposants doivent contacter l&#039;organisateur pour confirmation. L&#039;utilisation de produits dangereux est autoris\u00e9e uniquement apr\u00e8s soumission du formulaire de demande d&#039;autorisation d&#039;utilisation de produits dangereux et obtention de la confirmation de l&#039;organisateur. Les exposants doivent installer des extincteurs dans les salles de r\u00e9union ferm\u00e9es, les zones de stockage et les zones utilisant des \u00e9quipements \u00e9lectriques g\u00e9n\u00e9rant de la chaleur. Les extincteurs doivent \u00eatre plac\u00e9s dans des endroits visibles et facilement accessibles.<br>12.2 Marchandises dangereuses : Essence, huile, peinture, alcool, diesel, machines, lubrifiants, gaz \u00e0 haute pression : H2, O2, N2, cobalt, etc. Tous les articles de la cat\u00e9gorie des marchandises dangereuses doivent \u00eatre conformes \u00e0 la r\u00e9glementation de la SECC.<br>12.3 Zone sans fum\u00e9e\u00a0: Il est strictement interdit de fumer dans la zone d\u2019exposition. Les exposants peuvent fumer uniquement dans les zones d\u00e9sign\u00e9es ou \u00e0 l\u2019ext\u00e9rieur du b\u00e2timent d\u2019exposition.<br>12.4 Mandat de l&#039;organisateur\u00a0: L&#039;organisateur se r\u00e9serve le droit de d\u00e9monter le stand en cas de non-respect de l&#039;une des r\u00e8gles et r\u00e9glementations mentionn\u00e9es ci-dessus (y compris pendant la p\u00e9riode de pr\u00e9paration\/montage). Pour des raisons de s\u00e9curit\u00e9, veuillez respecter le r\u00e8glement et contacter l&#039;organisateur pour toute question.<\/p>\n<p>13. Autres<br>13.1 Troubles : Les exposants ne doivent en aucun cas perturber le public et les stands voisins.<br>13.2 Activit\u00e9s promotionnelles\u00a0: Toute prestation ou activit\u00e9 publique doit se d\u00e9rouler exclusivement dans la zone d\u00e9sign\u00e9e. Les d\u00e9monstrations et autres spectacles ne doivent occasionner aucun trouble \u00e0 l\u2019ordre public. Les participants sont responsables de la propret\u00e9 du passage. La promotion de produits \u00e0 l\u2019ext\u00e9rieur de la zone d\u00e9sign\u00e9e est interdite.<br>13.3 Objets promotionnels\u00a0: Les \u00e9chantillons et souvenirs doivent \u00eatre distribu\u00e9s uniquement sur le stand d\u00e9sign\u00e9. Avec l\u2019accord de l\u2019organisateur, les participants peuvent les distribuer dans d\u2019autres zones.<br>13.4. Expositions sp\u00e9ciales : Les exposants ne peuvent pas exposer leurs articles individuellement sans l&#039;approbation de l&#039;organisateur.<br>13.5. Horaires d&#039;exposition\u00a0: L&#039;organisateur \u00e9tablira les horaires d&#039;exposition, d&#039;installation et de d\u00e9montage. Veuillez nous contacter pour plus d&#039;informations.<br>13.6. Non-respect du temps d&#039;occupation\u00a0: M\u00eame si le participant n&#039;a pas utilis\u00e9 la totalit\u00e9 de son stand, les frais correspondant \u00e0 la surface totale restent dus. Les exposants qui n&#039;informent pas de l&#039;annulation de leur stand perdront leur priorit\u00e9.<br>13.7. Ventes\u00a0: Seuls les produits valid\u00e9s par l\u2019Organisateur peuvent \u00eatre expos\u00e9s \u00e0 la vente. Tous les exposants doivent respecter les r\u00e8gles de s\u00e9curit\u00e9, de fiscalit\u00e9, d\u2019hygi\u00e8ne publique et toutes les autres r\u00e9glementations en vigueur, notamment en mati\u00e8re de certification de promotion. L\u2019Organisateur interdit toute forme de vente ou de marketing non autoris\u00e9e.<\/p>\n<p><b>V. R\u00c9GLEMENTATION RELATIVE AUX ENTREPRENEURS<\/b><br>1. Les entreprises de construction externes (\u00ab\u00a0entrepreneurs\u00a0\u00bb) non r\u00e9pertori\u00e9es sur la liste officielle des entrepreneurs de SECC et qui construisent elles-m\u00eames leur stand doivent contacter le service commercial de SECC afin de conna\u00eetre toutes les proc\u00e9dures et les modalit\u00e9s de travail au sein de la zone d&#039;exposition. En cas de probl\u00e8me, les entrepreneurs doivent en informer SECC par \u00e9crit afin de trouver conjointement la meilleure solution.<\/p>\n<p><span style=\"color: var( --e-global-color-text ); text-align: var(--text-align); background-color: var(--bs-body-bg); font-family: var(--averta); font-size: var(--bs-body-font-size);\">2. Pour acc\u00e9der \u00e0 la zone d&#039;exposition de SECC, les entrepreneurs doivent \u00eatre en mesure d&#039;effectuer leur travail et de se conformer \u00e0 toutes les r\u00e9glementations suivantes\u00a0:<\/span><br><\/p>\n<p>\u2013 Les noms de tout le personnel de construction et de supervision des entrepreneurs externes doivent \u00eatre communiqu\u00e9s \u00e0 SECC au moins sept (07) jours avant le premier jour de la p\u00e9riode de location.<br>\u2013 Tous les travailleurs \u00e9trangers doivent \u00eatre munis d&#039;un permis de travail valide conform\u00e9ment \u00e0 la l\u00e9gislation vietnamienne.<br>Les entreprises ext\u00e9rieures doivent s&#039;acquitter des frais de gestion de chantier (120\u00a0000 VND\/m\u00b2) aupr\u00e8s de l&#039;organisateur. Ce dernier leur fournira un badge nominatif. Le port du masque est obligatoire pendant les heures de travail. Ces badges sont valables pour toute la dur\u00e9e de la location. Le co\u00fbt d&#039;un badge est de 110\u00a0000 VND.<br>Les prestataires doivent verser un d\u00e9p\u00f4t de garantie de 1\u00a0100\u00a0000 VND\/m\u00b2 en esp\u00e8ces ou par virement bancaire au moins sept (7) jours avant le d\u00e9but de la location. Ce montant leur sera rembours\u00e9 sans int\u00e9r\u00eats apr\u00e8s la r\u00e9alisation des travaux, sous r\u00e9serve d&#039;absence de dommages aux installations du centre d&#039;exposition.<br>Le personnel des entreprises de construction doit porter un uniforme ou une tenue appropri\u00e9e et un badge nominatif sur la poitrine lorsqu&#039;il entre ou sort de la zone d&#039;exposition. La tenue appropri\u00e9e comprend : v\u00eatements, chaussures (baskets, chaussures de sport) et casque. Les entreprises sont enti\u00e8rement responsables, conform\u00e9ment \u00e0 la loi, de l&#039;assurance de tous les risques ou dommages affectant leur stand et les autres services pendant la p\u00e9riode de location. Les frais de gestion varient selon les services sp\u00e9cifi\u00e9s par l&#039;organisateur. Le paiement peut \u00eatre effectu\u00e9 en esp\u00e8ces ou par virement bancaire. En cas de paiement par virement bancaire, les entreprises peuvent acc\u00e9der aux locaux pour effectuer leur travail apr\u00e8s confirmation de la banque par l&#039;organisateur. Les frais de raccordement \u00e0 l&#039;\u00e9lectricit\u00e9 doivent \u00eatre r\u00e9gl\u00e9s en esp\u00e8ces ou par virement bancaire au moins sept (7) jours avant le d\u00e9but des travaux. Pour les heures suppl\u00e9mentaires, les entreprises doivent s&#039;enregistrer par \u00e9crit aupr\u00e8s de l&#039;organisateur entre 16h00 et 17h00 le jour m\u00eame, au tarif de 700\u00a0000 VND\/9 m\u00b2.<\/p>\n<p>3. L\u2019organisateur se r\u00e9serve le droit de refuser l\u2019acc\u00e8s \u00e0 tout entrepreneur si l\u2019une des conditions suivantes n\u2019est pas remplie\u00a0:<br>\u2013 Le stand ne sera construit conform\u00e9ment aux plans approuv\u00e9s que si l&#039;exposant en a inform\u00e9 l&#039;organisateur et a obtenu son accord.<br>Les \u00e9l\u00e9ments expos\u00e9s et les principaux travaux de construction des stands doivent \u00eatre effectu\u00e9s \u00e0 l&#039;ext\u00e9rieur de la zone d&#039;exposition avant leur installation \u00e0 l&#039;int\u00e9rieur. Les travaux importants ou dangereux, tels que le d\u00e9coupage \u00e0 l&#039;oxyac\u00e9tyl\u00e8ne, le soudage \u00e9lectrique, la peinture au pistolet ou le travail \u00e0 la flamme nue, sont strictement interdits dans la zone d&#039;exposition.<br>\u2013 Les entrepreneurs doivent garantir une qualit\u00e9 de construction acceptable et respecter les normes de s\u00e9curit\u00e9 au travail et de pr\u00e9vention des incendies.<br>\u2013 Les articles de l&#039;exposant qui ne sont pas li\u00e9s \u00e0 son stand ne doivent pas \u00eatre plac\u00e9s dans d&#039;autres stands.<br>\u2013 Les prestataires externes doivent imm\u00e9diatement indemniser l\u2019organisateur et les tiers pour tout dommage caus\u00e9.<br>\u2013 Le personnel de l\u2019entreprise prestataire ne doit ni fumer, ni jeter de d\u00e9chets, ni endommager quoi que ce soit \u00e0 l\u2019int\u00e9rieur de la zone d\u2019exposition.<br>\u2013 Le personnel de l\u2019entrepreneur ne doit pas causer de bruit, perturber l\u2019ordre ou cr\u00e9er de d\u00e9sordre dans la zone de l\u2019organisateur.<br>\u2013 Les \u00e9quipements sp\u00e9ciaux et les \u00e9l\u00e9ments de preuve, le cas \u00e9ch\u00e9ant, doivent \u00eatre enregistr\u00e9s aupr\u00e8s de l&#039;\u00e9quipe de s\u00e9curit\u00e9 de l&#039;organisateur et seront contr\u00f4l\u00e9s \u00e0 chaque fois qu&#039;ils entrent et sortent du b\u00e2timent.<\/p>\n<p><b>VI. R\u00c8GLEMENTS DE TRAVAIL ET DIRECTIVES TECHNIQUES<\/b><br>1. Sans badge professionnel valide port\u00e9 sur la poitrine, aucun employ\u00e9 ni membre du personnel n&#039;est autoris\u00e9 \u00e0 entrer dans la zone d&#039;exposition du SECC pour y travailler. Les badges professionnels valides sont d\u00e9livr\u00e9s par l&#039;organisateur ou le SECC. De plus, pendant les heures de travail dans les halls du SECC, chaque membre du personnel doit porter un uniforme conforme au r\u00e8glement de son unit\u00e9, comprenant : v\u00eatements, chaussures (baskets) et chapeau (le cas \u00e9ch\u00e9ant).<\/p>\n<p>2. Interdiction de fumer \u00e0 l&#039;int\u00e9rieur de la zone d&#039;exposition.<\/p>\n<p>3. N\u2019introduisez pas de substances inflammables ou explosives dans la zone d\u2019exposition telles que\u00a0: essence\u00a0; huile\u00a0; boissons alcoolis\u00e9es\u00a0; alcool industriel\u00a0; essence industrielle\u00a0; essence aromatique, etc.\u00a0; ou des gaz inflammables comme\u00a0: hydrog\u00e8ne, oxyg\u00e8ne, ac\u00e9tyl\u00e8ne, etc.\u00a0; ou des gaz toxiques comme\u00a0: chlore, ammoniac, etc.<\/p>\n<p>4. N\u2019introduisez pas d\u2019appareils de chauffage \u00e9lectrique, d\u2019\u00e9quipements produisant des \u00e9tincelles ou d\u2019outils bruyants dans la zone d\u2019exposition, tels que : machines \u00e0 souder ; soudeuses \u00e0 gaz ; machines de d\u00e9coupe ; scies, meuleuses manuelles, etc.<\/p>\n<p>5. Les \u00e9quipements sous pression (tels que les r\u00e9servoirs ou bouteilles de gaz ; les r\u00e9servoirs de gaz naturel liqu\u00e9fi\u00e9, etc.) \u2013 s&#039;ils sont n\u00e9cessaires \u00e0 l&#039;int\u00e9rieur de la zone d&#039;exposition \u2013 doivent avoir une certification valide d\u00e9livr\u00e9e par le Centre des normes, de la m\u00e9trologie et de la qualit\u00e9 ; porter un cachet de v\u00e9rification de l&#039;organisateur et \u00eatre inspect\u00e9s par les membres de l&#039;\u00e9quipe technique du SECC avant utilisation.<\/p>\n<p>6. Il est interdit de coller des rubans adh\u00e9sifs ou des adh\u00e9sifs (comme la colle 502, la colle pour chiens, etc.) sur les murs et les sols des locaux du SECC. Seuls les rubans adh\u00e9sifs en tissu (simple ou double face) sont autoris\u00e9s (veuillez vous renseigner au pr\u00e9alable aupr\u00e8s du service commercial et marketing du SECC).<\/p>\n<p>7. Ne percez pas, ne coupez pas et ne clouez pas dans les murs, les sols, les cloisons de la zone d&#039;exposition ou les autres installations du SECC.<\/p>\n<p>8. Ne coupez ni ne meulez rien qui produise des \u00e9tincelles \u00e0 l&#039;int\u00e9rieur de la zone d&#039;exposition.<\/p>\n<p>9. L&#039;\u00e9chafaudage doit \u00eatre muni de roues, ou les pieds de l&#039;\u00e9chafaudage doivent \u00eatre rembourr\u00e9s d&#039;un mat\u00e9riau souple avant le d\u00e9but des travaux.<\/p>\n<p>10. Tous les \u00e9l\u00e9ments de construction doivent \u00eatre pr\u00e9-assembl\u00e9s \u00e0 l&#039;ext\u00e9rieur de la zone d&#039;exposition. Pour finaliser les travaux sur le stand, prot\u00e9gez le sol, les murs et les cloisons de la zone d&#039;exposition lors des op\u00e9rations de peinture, de sciage, de d\u00e9coupe ou de cirage.<\/p>\n<p>11. Ne versez pas d&#039;eau, de peinture ou tout autre liquide sur le sol ou dans les tranch\u00e9es techniques.<\/p>\n<p>12. Ne placez aucun mat\u00e9riau de construction, aucun \u00e9quipement de construction contre les murs, les cloisons, ou pr\u00e8s des entr\u00e9es, ou des extincteurs du SECC.<\/p>\n<p>13. Il doit exister un plan de s\u00e9curit\u00e9 pour le sol lors de l&#039;introduction d&#039;outils et d&#039;\u00e9quipements dans la zone d&#039;exposition, par exemple en les enveloppant de caoutchouc ou de mat\u00e9riaux souples avant de les placer sur le sol.<\/p>\n<p>14. Les c\u00e2bles \u00e9lectriques reliant la tranch\u00e9e technique aux cabines de 220 V ou plus doivent \u00eatre \u00e0 double gaine. Les c\u00e2bles \u00e0 simple gaine doivent \u00eatre plac\u00e9s dans des conduits isolants.<\/p>\n<p>15. Syst\u00e8me \u00e9lectrique :<br>\u2013 \u00c0 l\u2019int\u00e9rieur du hall d\u2019exposition SECC (hall A), se trouvent huit panneaux de distribution \u00e9lectrique \u2013 3 phases, la capacit\u00e9 de puissance est de 200 amp\u00e8res par panneau.<br>\u2013 Zone d&#039;exposition ext\u00e9rieure (parking temporaire)\u00a0: elle comprend un poste de transformation \u00e9lectrique de 2\u00a0000\u00a0kVA et six tableaux de distribution \u00e9lectrique triphas\u00e9s.<br>(Remarque : les clients doivent se connecter eux-m\u00eames du poste de transformation aux panneaux de distribution).<\/p>\n<p>16. Si un stand a besoin d&#039;utiliser de l&#039;eau potable et des canalisations d&#039;\u00e9vacuation ou des lignes internet, fax ou t\u00e9l\u00e9phone dans les halls A1 et A2, veuillez envoyer une demande \u00e0 l&#039;\u00e9quipe commerciale SECC au moins cinq jours \u00e0 l&#039;avance et une pi\u00e8ce jointe du sch\u00e9ma d&#039;installation.<br>\u2013 La conduite d\u2019eau d\u2019alimentation est munie d\u2019une vanne d\u2019arr\u00eat et le diam\u00e8tre de la vanne d\u2019arr\u00eat principale est de \u00d821.<br>\u2013 Le diam\u00e8tre int\u00e9rieur du tuyau de drainage est de \u00d834.<br>Remarque : Les zones ext\u00e9rieures du hall d&#039;exposition, l&#039;approvisionnement en eau, l&#039;ADSL, le t\u00e9l\u00e9phone et le fax doivent \u00eatre \u00e9tudi\u00e9s avant la construction.<br>La pression totale d&#039;alimentation en eau de chaque cabine doit \u00eatre comprise entre 2,5 et 5 bars. La temp\u00e9rature des eaux us\u00e9es doit \u00eatre inf\u00e9rieure \u00e0 60 \u00b0C avant leur rejet dans le r\u00e9seau d&#039;assainissement.<\/p>\n<p>17. La temp\u00e9rature fra\u00eeche \u00e0 l&#039;int\u00e9rieur du hall d&#039;exposition A du SECC a \u00e9t\u00e9 con\u00e7ue entre 25 et 27 degr\u00e9s Celsius.<\/p>\n<p>18. Normes de conception des stands\u00a0:<br>\u2013 Entre deux rang\u00e9es de cabines (conform\u00e9ment aux exigences de l\u2019autorit\u00e9 en mati\u00e8re de r\u00e9glementation sur la s\u00e9curit\u00e9 et la lutte contre l\u2019incendie), la largeur du chemin droit est de trois m\u00e8tres (3 m\u00e8tres).<br>\u2013 De la porte Est \u00e0 la porte Ouest ; et de la porte Sud \u00e0 la porte Nord, la largeur du passage principal rectiligne est de cinq m\u00e8tres (5 m\u00e8tres).<br>\u2013 Les blocs de cabines ne doivent pas \u00eatre con\u00e7us de mani\u00e8re \u00e0 obstruer les sorties, les voies d&#039;\u00e9vacuation, les alarmes incendie, les bornes d&#039;incendie, les extincteurs, etc., situ\u00e9s dans le hall.<br>\u2013 Les cabines situ\u00e9es pr\u00e8s des murs doivent \u00eatre \u00e0 un m\u00e8tre de distance de ceux-ci.<\/p>\n<p>19. Pour les cabines standard : dimensions de 3 m x 3 m ; hauteur de 2,5 m\u00e8tres ; \u00e0 r\u00e9aliser en tube octogonal en aluminium.<\/p>\n<p>20. Pour am\u00e9liorer les stands : les dimensions, la hauteur et le mat\u00e9riau sont les m\u00eames que pour le stand standard, mais avec une d\u00e9coration suppl\u00e9mentaire (comme des banni\u00e8res).<\/p>\n<p>21. Cabines sp\u00e9ciales\u00a0: dimensions et mat\u00e9riaux de construction illimit\u00e9s. Toutefois, les cabines sp\u00e9ciales situ\u00e9es pr\u00e8s des murs doivent respecter une distance minimale de deux m\u00e8tres et leur hauteur ne doit pas d\u00e9passer cinq (5) m\u00e8tres. D\u2019autres cabines sp\u00e9ciales, situ\u00e9es \u00e0 d\u2019autres emplacements, peuvent atteindre une hauteur de huit (8) m\u00e8tres.<\/p>\n<p>22. Tout \u00e9l\u00e9ment serait suspendu au plafond du hall d&#039;exposition (comme un caisson lumineux, un cadre d\u00e9coratif en fer, etc.)\u00a0:<br>\u2013 Si son poids est inf\u00e9rieur \u00e0 100 kilogrammes par composant, il doit \u00eatre suspendu par un c\u00e2ble renforc\u00e9.<br>Si le poids d&#039;un composant d\u00e9passe 100 kilogrammes, il doit \u00eatre suspendu \u00e0 l&#039;aide de treuils. Chaque treuil peut supporter une charge inf\u00e9rieure \u00e0 200 kilogrammes. Les exposants devront fournir un sch\u00e9ma d\u00e9taill\u00e9 pr\u00e9cisant la position, les dimensions et le poids du composant.<br>\u2013 Les jours de travaux, toute personne souhaitant entrer dans le hall doit porter des chaussures et un casque.<\/p>\n<p><b>N\u2019h\u00e9sitez pas \u00e0 nous contacter si vous avez des questions ou besoin d\u2019aide suppl\u00e9mentaire\u00a0:<\/b><\/p>\n<p>\u2013 Courriel\u00a0: admin@eventure.com.vn&nbsp;<\/p>\n<p>Adresse du bureau\u00a0: 28 rue Thao Dien, quartier Thao Dien, district 2, H\u00f4-Chi-Minh-Ville, Vietnam<\/p>\n<p><b>Merci de votre coop\u00e9ration et de votre soutien. Nous esp\u00e9rons vous voir \u00e0 InterPet Expo Vietnam.<\/b><\/p>\t\t\t\t\t\t<\/div>\n\t\t\t\t<\/div>\n\t\t\t\t<div class=\"elementor-element elementor-element-043b56e elementor-widget elementor-widget-html\" data-id=\"043b56e\" data-element_type=\"widget\" data-widget_type=\"html.default\">\n\t\t\t\t<div class=\"elementor-widget-container\">\n\t\t\t<script>\r\n        function toggleContent2() {\r\n            var hiddenContent = document.getElementById(\"hiddenContent2\");\r\n            var showMoreLink = document.getElementById(\"showMoreLink2\");\r\n\r\n            if (hiddenContent.style.height === \"auto\") {\r\n                hiddenContent.style.height = \"4em\";\r\n                showMoreLink.innerHTML = \"Read more...\";\r\n            } else {\r\n                hiddenContent.style.height = \"auto\";\r\n                showMoreLink.innerHTML = \"See less\";\r\n            }\r\n        }\r\n    <\/script>\r\n    <div id=\"showMoreLink2\" onclick=\"toggleContent2()\">En savoir plus...<\/div>\t\t<\/div>\n\t\t\t\t<\/div>\n\t\t\t\t\t<\/div>\n\t\t\t\t<\/div>\n\t\t\t\t\t<\/div>\n\t\t\t\t<\/div>\n\t\t\t\t\t<\/div>\n\t\t\t\t<\/div>\n\t\t<div class=\"elementor-element elementor-element-a4e239d e-flex e-con-boxed e-con\" data-id=\"a4e239d\" data-element_type=\"container\" data-settings=\"{&quot;content_width&quot;:&quot;boxed&quot;}\">\n\t\t\t\t\t<div class=\"e-con-inner\">\n\t\t<div class=\"elementor-element elementor-element-586f464 e-flex e-con-boxed e-con\" data-id=\"586f464\" data-element_type=\"container\" data-settings=\"{&quot;content_width&quot;:&quot;boxed&quot;}\">\n\t\t\t\t\t<div class=\"e-con-inner\">\n\t\t<div class=\"elementor-element elementor-element-a099fab e-flex e-con-boxed e-con\" data-id=\"a099fab\" data-element_type=\"container\" data-settings=\"{&quot;background_background&quot;:&quot;classic&quot;,&quot;content_width&quot;:&quot;boxed&quot;}\">\n\t\t\t\t\t<div class=\"e-con-inner\">\n\t\t\t\t<div class=\"elementor-element elementor-element-2acde3a elementor-widget elementor-widget-heading\" data-id=\"2acde3a\" data-element_type=\"widget\" data-widget_type=\"heading.default\">\n\t\t\t\t<div class=\"elementor-widget-container\">\n\t\t\t<h3 class=\"elementor-heading-title elementor-size-default\">FAQ<\/h3>\t\t<\/div>\n\t\t\t\t<\/div>\n\t\t\t\t\t<\/div>\n\t\t\t\t<\/div>\n\t\t<div class=\"elementor-element elementor-element-0c2fb70 e-flex e-con-boxed e-con\" data-id=\"0c2fb70\" data-element_type=\"container\" data-settings=\"{&quot;content_width&quot;:&quot;boxed&quot;}\">\n\t\t\t\t\t<div class=\"e-con-inner\">\n\t\t\t\t<div class=\"elementor-element elementor-element-5bf917a elementor-widget elementor-widget-n-accordion\" data-id=\"5bf917a\" data-element_type=\"widget\" data-settings=\"{&quot;default_state&quot;:&quot;expanded&quot;,&quot;max_items_expended&quot;:&quot;one&quot;,&quot;n_accordion_animation_duration&quot;:{&quot;unit&quot;:&quot;ms&quot;,&quot;size&quot;:400,&quot;sizes&quot;:[]}}\" data-widget_type=\"nested-accordion.default\">\n\t\t\t\t<div class=\"elementor-widget-container\">\n\t\t\t\t\t<div class=\"e-n-accordion\">\n\t\t\t\t\t\t\t<details id=\"e-n-accordion-item-9640\" class=\"e-n-accordion-item e-normal\" open>\n\t\t\t\t\t<summary class='e-n-accordion-item-title'>\n\t\t\t\t\t\t<span class='e-n-accordion-item-title-header'><div class=\"e-n-accordion-item-title-text\"> Comment puis-je r\u00e9server un stand \u00e0 InterPet Expo Vi\u1ec7t Nam ? <\/div><\/span>\n\t\t\t\t\t\t\t\t<span class='e-n-accordion-item-title-icon'>\n\t\t\t<span class='e-opened' ><i aria-hidden=\"true\" class=\"fas fa-minus\"><\/i><\/span>\n\t\t\t<span class='e-closed'><i aria-hidden=\"true\" class=\"fas fa-plus\"><\/i><\/span>\n\t\t<\/span>\n\n\t\t\t\t\t\t\t<\/summary>\n\t\t\t\t\t<div class=\"elementor-element elementor-element-6a17f5d e-con-full e-flex e-con\" data-id=\"6a17f5d\" data-element_type=\"container\" data-settings=\"{&quot;content_width&quot;:&quot;full&quot;}\">\n\t\t<div class=\"elementor-element elementor-element-584780a e-flex e-con-boxed e-con\" data-id=\"584780a\" data-element_type=\"container\" data-settings=\"{&quot;content_width&quot;:&quot;boxed&quot;}\">\n\t\t\t\t\t<div class=\"e-con-inner\">\n\t\t\t\t<div class=\"elementor-element elementor-element-d920135 elementor-widget elementor-widget-text-editor\" data-id=\"d920135\" data-element_type=\"widget\" data-widget_type=\"text-editor.default\">\n\t\t\t\t<div class=\"elementor-widget-container\">\n\t\t\t\t\t\t\t<p><strong>Pour les sponsors et les exposants\u00a0:<\/strong><\/p><p><span style=\"font-weight: 400;\">\u00c9tape 1 : Vous pouvez t\u00e9l\u00e9charger la brochure InterPet Expo Vi\u1ec7t Nam en remplissant le formulaire dans l&#039;onglet \u00ab INFORMATIONS SUR LA PARTICIPATION \u00bb.\u00a0<\/span><\/p><p><span style=\"font-weight: 400;\">\u00c9tape 2\u00a0: Remplissez vos coordonn\u00e9es dans l\u2019onglet \u00ab\u00a0INSCRIPTION DES EXPOSANTS\u00a0\u00bb ou dans le tableau des sponsors de chaque activit\u00e9 de l\u2019onglet \u00ab\u00a0ACTIVIT\u00c9S PETFEST\u00a0\u00bb.<\/span><\/p><p><b>L\u2019exposant\/sponsor a besoin d\u2019une assistance imm\u00e9diate, veuillez contacter\u00a0:<\/b><\/p><p><span style=\"color: var( --e-global-color-text ); font-weight: var( --e-global-typography-text-font-weight ); text-align: var(--text-align); background-color: var(--bs-body-bg); font-family: var(--averta); font-size: var(--bs-body-font-size);\">Chef de projet : Mme Nhan Lieu \u2013 E : nhanlieu@eventure.com.vn \u2013\u00a0<\/span><span style=\"background-color: var(--bs-body-bg); color: var( --e-global-color-text ); font-family: var(--averta); font-size: var(--bs-body-font-size); font-weight: var( --e-global-typography-text-font-weight ); text-align: var(--text-align);\">T\u00e9l\/Whatsapp\/Zalo\/Wechat : +84 934 511 953<\/span><\/p><p><b>Pour toute collaboration avec les partenaires et les m\u00e9dias, veuillez contacter\u00a0:<\/b><\/p><p>Partenaire Marketing &amp; M\u00e9dia : Mme Lunar Nguyen \u2013 E : lunar@eventure.com.vn \u2013 Tel\/Whatsapp\/Zalo : +84 906 269 137<\/p>\t\t\t\t\t\t<\/div>\n\t\t\t\t<\/div>\n\t\t\t\t\t<\/div>\n\t\t\t\t<\/div>\n\t\t\t\t<\/div>\n\t\t\t\t\t\t<\/details>\n\t\t\t\t\t\t\t<details id=\"e-n-accordion-item-9641\" class=\"e-n-accordion-item e-normal\" >\n\t\t\t\t\t<summary class='e-n-accordion-item-title'>\n\t\t\t\t\t\t<span class='e-n-accordion-item-title-header'><div class=\"e-n-accordion-item-title-text\"> Quelles sont les conditions requises pour participer en tant qu&#039;exposant\u00a0? <\/div><\/span>\n\t\t\t\t\t\t\t\t<span class='e-n-accordion-item-title-icon'>\n\t\t\t<span class='e-opened' ><i aria-hidden=\"true\" class=\"fas fa-minus\"><\/i><\/span>\n\t\t\t<span class='e-closed'><i aria-hidden=\"true\" class=\"fas fa-plus\"><\/i><\/span>\n\t\t<\/span>\n\n\t\t\t\t\t\t\t<\/summary>\n\t\t\t\t\t<div class=\"elementor-element elementor-element-0b3a9a7 e-con-full e-flex e-con\" data-id=\"0b3a9a7\" data-element_type=\"container\" data-settings=\"{&quot;content_width&quot;:&quot;full&quot;}\">\n\t\t<div class=\"elementor-element elementor-element-f85b52b e-flex e-con-boxed e-con\" data-id=\"f85b52b\" data-element_type=\"container\" data-settings=\"{&quot;content_width&quot;:&quot;boxed&quot;}\">\n\t\t\t\t\t<div class=\"e-con-inner\">\n\t\t\t\t<div class=\"elementor-element elementor-element-b6cafc1 elementor-widget elementor-widget-text-editor\" data-id=\"b6cafc1\" data-element_type=\"widget\" data-widget_type=\"text-editor.default\">\n\t\t\t\t<div class=\"elementor-widget-container\">\n\t\t\t\t\t\t\t<p><span style=\"font-weight: 400;\">Pour devenir exposant \u00e0 notre salon InterPet Expo Vi\u1ec7t Nam, vous devez \u00eatre en mesure de d\u00e9terminer la nature de l&#039;activit\u00e9 de votre entreprise et sa relation avec le secteur des animaux de compagnie.<\/span><\/p><p><span style=\"font-weight: 400;\">Les exigences en mati\u00e8re d&#039;identification des entreprises sont laiss\u00e9es \u00e0 l&#039;appr\u00e9ciation de la direction d&#039;InterPet Expo Vi\u1ec7t Nam et peuvent inclure un ou plusieurs des \u00e9l\u00e9ments suivants\u00a0:<\/span><\/p><ul><li style=\"font-weight: 400;\" aria-level=\"1\"><span style=\"font-weight: 400;\">Licence commerciale\u00a0<\/span><\/li><li style=\"font-weight: 400;\" aria-level=\"1\"><span style=\"font-weight: 400;\">Site web actif \/ Page Facebook<\/span><\/li><li style=\"font-weight: 400;\" aria-level=\"1\"><span style=\"font-weight: 400;\">Photos de vos produits\/marques<\/span>\/ Magasins<\/li><li style=\"font-weight: 400;\" aria-level=\"1\"><span style=\"font-weight: 400;\">Preuve de votre relation commerciale avec le propri\u00e9taire de la marque<\/span><\/li><li style=\"font-weight: 400;\" aria-level=\"1\"><span style=\"font-weight: 400;\">Num\u00e9ro fiscal\u00a0<\/span><\/li><\/ul>\t\t\t\t\t\t<\/div>\n\t\t\t\t<\/div>\n\t\t\t\t\t<\/div>\n\t\t\t\t<\/div>\n\t\t\t\t<\/div>\n\t\t\t\t\t\t<\/details>\n\t\t\t\t\t\t\t<details id=\"e-n-accordion-item-9642\" class=\"e-n-accordion-item e-normal\" >\n\t\t\t\t\t<summary class='e-n-accordion-item-title'>\n\t\t\t\t\t\t<span class='e-n-accordion-item-title-header'><div class=\"e-n-accordion-item-title-text\"> Quelle est la date limite pour s&#039;inscrire pour un stand ? <\/div><\/span>\n\t\t\t\t\t\t\t\t<span class='e-n-accordion-item-title-icon'>\n\t\t\t<span class='e-opened' ><i aria-hidden=\"true\" class=\"fas fa-minus\"><\/i><\/span>\n\t\t\t<span class='e-closed'><i aria-hidden=\"true\" class=\"fas fa-plus\"><\/i><\/span>\n\t\t<\/span>\n\n\t\t\t\t\t\t\t<\/summary>\n\t\t\t\t\t<div class=\"elementor-element elementor-element-8d1817d e-con-full e-flex e-con\" data-id=\"8d1817d\" data-element_type=\"container\" data-settings=\"{&quot;content_width&quot;:&quot;full&quot;}\">\n\t\t<div class=\"elementor-element elementor-element-1d15041 e-flex e-con-boxed e-con\" data-id=\"1d15041\" data-element_type=\"container\" data-settings=\"{&quot;content_width&quot;:&quot;boxed&quot;}\">\n\t\t\t\t\t<div class=\"e-con-inner\">\n\t\t\t\t<div class=\"elementor-element elementor-element-e405790 elementor-widget elementor-widget-text-editor\" data-id=\"e405790\" data-element_type=\"widget\" data-widget_type=\"text-editor.default\">\n\t\t\t\t<div class=\"elementor-widget-container\">\n\t\t\t\t\t\t\t<p><span style=\"font-weight: 400;\">Les inscriptions pour les stands sont closes une fois tous les stands r\u00e9serv\u00e9s, g\u00e9n\u00e9ralement un mois avant la date du salon. Deux phases d&#039;inscription sont propos\u00e9es\u00a0: une phase d&#039;inscription anticip\u00e9e (Early Bird) et une phase d&#039;inscription g\u00e9n\u00e9rale (General). La date limite pour l&#039;inscription anticip\u00e9e est le 20\u00a0octobre et celle pour l&#039;inscription g\u00e9n\u00e9rale le 10\u00a0janvier. <\/span><\/p><p>Pour plus de d\u00e9tails, veuillez contacter notre chef de projet : Mme Nhan Lieu \u2013 E : nhanlieu@eventure.com.vn \u2013 T\u00e9l\/Whatsapp\/Zalo\/Wechat : +84 934 511 953.\u00a0<\/p><p><span style=\"font-weight: 400;\">Inscrivez-vous pour rejoindre le stand <span style=\"text-decoration: underline;\"><strong><a href=\"https:\/\/interpetvietnam.com\/fr\/inscription-des-exposants-2\/\">ICI<\/a> <\/strong><\/span>\u00a0<\/span><\/p>\t\t\t\t\t\t<\/div>\n\t\t\t\t<\/div>\n\t\t\t\t\t<\/div>\n\t\t\t\t<\/div>\n\t\t\t\t<\/div>\n\t\t\t\t\t\t<\/details>\n\t\t\t\t\t\t\t<details id=\"e-n-accordion-item-9643\" class=\"e-n-accordion-item e-normal\" >\n\t\t\t\t\t<summary class='e-n-accordion-item-title'>\n\t\t\t\t\t\t<span class='e-n-accordion-item-title-header'><div class=\"e-n-accordion-item-title-text\"> Quelle est la proc\u00e9dure de participation\u00a0? <\/div><\/span>\n\t\t\t\t\t\t\t\t<span class='e-n-accordion-item-title-icon'>\n\t\t\t<span class='e-opened' ><i aria-hidden=\"true\" class=\"fas fa-minus\"><\/i><\/span>\n\t\t\t<span class='e-closed'><i aria-hidden=\"true\" class=\"fas fa-plus\"><\/i><\/span>\n\t\t<\/span>\n\n\t\t\t\t\t\t\t<\/summary>\n\t\t\t\t\t<div class=\"elementor-element elementor-element-8173517 e-flex e-con-boxed e-con\" data-id=\"8173517\" data-element_type=\"container\" data-settings=\"{&quot;content_width&quot;:&quot;boxed&quot;}\">\n\t\t\t\t\t<div class=\"e-con-inner\">\n\t\t\t\t<div class=\"elementor-element elementor-element-6cffa37 elementor-widget elementor-widget-text-editor\" data-id=\"6cffa37\" data-element_type=\"widget\" data-widget_type=\"text-editor.default\">\n\t\t\t\t<div class=\"elementor-widget-container\">\n\t\t\t\t\t\t\t<ol>\n<li aria-level=\"1\">T\u00e9l\u00e9chargez la brochure d&#039;InterPet Expo Vietnam sur notre site web.<\/li>\n<li aria-level=\"1\">Contactez notre chef de projet : Mme Nhan Lieu \u2013 E : nhanlieu@eventure.com.vn \u2013 T\u00e9l\/Whatsapp\/Zalo\/Wechat : +84 934 511 953.&nbsp;<\/li>\n<li style=\"font-weight: 400;\" aria-level=\"1\"><span style=\"font-weight: 400;\">Mettez-vous d&#039;accord sur le co\u00fbt de participation et choisissez votre lieu.<\/span><\/li>\n<li style=\"font-weight: 400;\" aria-level=\"1\"><span style=\"font-weight: 400;\"><strong>Pour les entreprises vietnamiennes<\/strong>Proc\u00e9dez \u00e0 la signature du contrat de TVA. R\u00e9glez l&#039;acompte 50% dans les 7 jours suivant la signature du contrat par les deux parties. R\u00e9glez le solde de l&#039;acompte 50% et les charges locatives avant le 20\/12\/2024. Vous recevrez votre facture de TVA.<\/span>\n<p><span style=\"font-weight: 400;\"><strong>Pour les entreprises situ\u00e9es hors du Vietnam<\/strong>Veuillez signer le formulaire de demande. R\u00e9glez l&#039;acompte 50% dans les 7 jours suivant la signature du contrat par les deux parties. R\u00e9glez le solde de l&#039;acompte 50% et les charges locatives avant le 20 d\u00e9cembre 2024. Vous recevrez ensuite votre re\u00e7u de paiement.<\/span><\/p>\n<\/li>\n<li style=\"font-weight: 400;\" aria-level=\"1\">\n<p><span style=\"color: var( --e-global-color-text ); text-align: var(--text-align); background-color: var(--bs-body-bg); font-family: var(--averta); font-size: var(--bs-body-font-size);\">D\u00e8s r\u00e9ception de votre premier paiement, votre emplacement de stand est r\u00e9serv\u00e9. Vous b\u00e9n\u00e9ficierez d&#039;une assistance imm\u00e9diate et continue de notre service client concernant les instructions de participation, les rappels, le montage du stand, la location des services, le plan de co-marketing\u2026<\/span><\/p>\n<\/li>\n<\/ol>\t\t\t\t\t\t<\/div>\n\t\t\t\t<\/div>\n\t\t\t\t\t<\/div>\n\t\t\t\t<\/div>\n\t\t\t\t\t\t<\/details>\n\t\t\t\t\t\t\t<details id=\"e-n-accordion-item-9644\" class=\"e-n-accordion-item e-normal\" >\n\t\t\t\t\t<summary class='e-n-accordion-item-title'>\n\t\t\t\t\t\t<span class='e-n-accordion-item-title-header'><div class=\"e-n-accordion-item-title-text\"> Puis-je annuler ma participation apr\u00e8s avoir sign\u00e9 le contrat de TVA\/le formulaire de candidature\u00a0? <\/div><\/span>\n\t\t\t\t\t\t\t\t<span class='e-n-accordion-item-title-icon'>\n\t\t\t<span class='e-opened' ><i aria-hidden=\"true\" class=\"fas fa-minus\"><\/i><\/span>\n\t\t\t<span class='e-closed'><i aria-hidden=\"true\" class=\"fas fa-plus\"><\/i><\/span>\n\t\t<\/span>\n\n\t\t\t\t\t\t\t<\/summary>\n\t\t\t\t\t<div class=\"elementor-element elementor-element-ca22cf2 e-flex e-con-boxed e-con\" data-id=\"ca22cf2\" data-element_type=\"container\" data-settings=\"{&quot;content_width&quot;:&quot;boxed&quot;}\">\n\t\t\t\t\t<div class=\"e-con-inner\">\n\t\t\t\t<div class=\"elementor-element elementor-element-5f08342 elementor-widget elementor-widget-text-editor\" data-id=\"5f08342\" data-element_type=\"widget\" data-widget_type=\"text-editor.default\">\n\t\t\t\t<div class=\"elementor-widget-container\">\n\t\t\t\t\t\t\t<p>Oui, c&#039;est possible. Vous devrez en informer imm\u00e9diatement l&#039;organisateur et lui adresser une lettre officielle.<\/p><p>En cas d&#039;annulation avant le 20\/11\/2024, aucun remboursement ne sera effectu\u00e9 au titre du contrat\/de la demande (TVA incluse). En cas d&#039;annulation \u00e0 compter du 20\/11\/2024, des frais de 1\u00a0001\u00a0TP3T, correspondant au montant du contrat, seront factur\u00e9s \u00e0 l&#039;organisateur.<\/p>\t\t\t\t\t\t<\/div>\n\t\t\t\t<\/div>\n\t\t\t\t\t<\/div>\n\t\t\t\t<\/div>\n\t\t\t\t\t\t<\/details>\n\t\t\t\t\t\t\t<details id=\"e-n-accordion-item-9645\" class=\"e-n-accordion-item e-normal\" >\n\t\t\t\t\t<summary class='e-n-accordion-item-title'>\n\t\t\t\t\t\t<span class='e-n-accordion-item-title-header'><div class=\"e-n-accordion-item-title-text\"> Que se passe-t-il si l&#039;organisateur d&#039;InterPet Expo Vi\u1ec7t Nam modifie la date et\/ou le lieu du salon ? <\/div><\/span>\n\t\t\t\t\t\t\t\t<span class='e-n-accordion-item-title-icon'>\n\t\t\t<span class='e-opened' ><i aria-hidden=\"true\" class=\"fas fa-minus\"><\/i><\/span>\n\t\t\t<span class='e-closed'><i aria-hidden=\"true\" class=\"fas fa-plus\"><\/i><\/span>\n\t\t<\/span>\n\n\t\t\t\t\t\t\t<\/summary>\n\t\t\t\t\t<div class=\"elementor-element elementor-element-b48695e e-flex e-con-boxed e-con\" data-id=\"b48695e\" data-element_type=\"container\" data-settings=\"{&quot;content_width&quot;:&quot;boxed&quot;}\">\n\t\t\t\t\t<div class=\"e-con-inner\">\n\t\t\t\t<div class=\"elementor-element elementor-element-eb976ef elementor-widget elementor-widget-text-editor\" data-id=\"eb976ef\" data-element_type=\"widget\" data-widget_type=\"text-editor.default\">\n\t\t\t\t<div class=\"elementor-widget-container\">\n\t\t\t\t\t\t\t<p><span style=\"font-weight: 400;\">Si l&#039;organisateur modifie la date et\/ou le lieu du spectacle, vous en serez inform\u00e9 au moins un mois avant la date pr\u00e9vue. Vous aurez alors la possibilit\u00e9 de maintenir ou de r\u00e9silier le contrat. En cas de r\u00e9siliation, l&#039;organisateur vous remboursera les sommes d\u00e9j\u00e0 vers\u00e9es.<\/span><\/p>\t\t\t\t\t\t<\/div>\n\t\t\t\t<\/div>\n\t\t\t\t\t<\/div>\n\t\t\t\t<\/div>\n\t\t\t\t\t\t<\/details>\n\t\t\t\t\t\t\t<details id=\"e-n-accordion-item-9646\" class=\"e-n-accordion-item e-normal\" >\n\t\t\t\t\t<summary class='e-n-accordion-item-title'>\n\t\t\t\t\t\t<span class='e-n-accordion-item-title-header'><div class=\"e-n-accordion-item-title-text\"> Quand l&#039;organisateur me remettra-t-il mon stand pour que je puisse l&#039;installer ? <\/div><\/span>\n\t\t\t\t\t\t\t\t<span class='e-n-accordion-item-title-icon'>\n\t\t\t<span class='e-opened' ><i aria-hidden=\"true\" class=\"fas fa-minus\"><\/i><\/span>\n\t\t\t<span class='e-closed'><i aria-hidden=\"true\" class=\"fas fa-plus\"><\/i><\/span>\n\t\t<\/span>\n\n\t\t\t\t\t\t\t<\/summary>\n\t\t\t\t\t<div class=\"elementor-element elementor-element-e54ee1c e-flex e-con-boxed e-con\" data-id=\"e54ee1c\" data-element_type=\"container\" data-settings=\"{&quot;content_width&quot;:&quot;boxed&quot;}\">\n\t\t\t\t\t<div class=\"e-con-inner\">\n\t\t\t\t<div class=\"elementor-element elementor-element-cbe38ef elementor-widget elementor-widget-text-editor\" data-id=\"cbe38ef\" data-element_type=\"widget\" data-widget_type=\"text-editor.default\">\n\t\t\t\t<div class=\"elementor-widget-container\">\n\t\t\t\t\t\t\t<p><span style=\"font-weight: 400;\">Vous recevrez votre stand standard un (1) jour avant le jour d&#039;ouverture de l&#039;\u00e9v\u00e9nement.<\/span><\/p><p><span style=\"font-weight: 400;\">&#8211;\u00a0<\/span><span style=\"text-align: var(--text-align); background-color: var(--bs-body-bg);\">\u00a0Vous recevrez votre emplacement (stand nu) deux (02) jours avant le jour d&#039;ouverture de l&#039;\u00e9v\u00e9nement.<\/span><\/p>\t\t\t\t\t\t<\/div>\n\t\t\t\t<\/div>\n\t\t\t\t\t<\/div>\n\t\t\t\t<\/div>\n\t\t\t\t\t\t<\/details>\n\t\t\t\t\t\t\t<details id=\"e-n-accordion-item-9647\" class=\"e-n-accordion-item e-normal\" >\n\t\t\t\t\t<summary class='e-n-accordion-item-title'>\n\t\t\t\t\t\t<span class='e-n-accordion-item-title-header'><div class=\"e-n-accordion-item-title-text\"> Quelles sont les r\u00e8gles d&#039;utilisation applicables aux cabines standard\u00a0? <\/div><\/span>\n\t\t\t\t\t\t\t\t<span class='e-n-accordion-item-title-icon'>\n\t\t\t<span class='e-opened' ><i aria-hidden=\"true\" class=\"fas fa-minus\"><\/i><\/span>\n\t\t\t<span class='e-closed'><i aria-hidden=\"true\" class=\"fas fa-plus\"><\/i><\/span>\n\t\t<\/span>\n\n\t\t\t\t\t\t\t<\/summary>\n\t\t\t\t\t<div class=\"elementor-element elementor-element-a6da3e2 e-flex e-con-boxed e-con\" data-id=\"a6da3e2\" data-element_type=\"container\" data-settings=\"{&quot;content_width&quot;:&quot;boxed&quot;}\">\n\t\t\t\t\t<div class=\"e-con-inner\">\n\t\t\t\t<div class=\"elementor-element elementor-element-88dc21b elementor-widget elementor-widget-text-editor\" data-id=\"88dc21b\" data-element_type=\"widget\" data-widget_type=\"text-editor.default\">\n\t\t\t\t<div class=\"elementor-widget-container\">\n\t\t\t\t\t\t\t<p><b>Pour la d\u00e9coration standard des stands<\/b><\/p><ul><li style=\"font-weight: 400;\" aria-level=\"1\"><span style=\"font-weight: 400;\">Il est interdit de clouer, percer, fixer ou peindre les murs et les cadres en aluminium.<\/span><\/li><li style=\"font-weight: 400;\" aria-level=\"1\"><span style=\"font-weight: 400;\">L&#039;utilisation d&#039;adh\u00e9sifs et de colles pour les banderoles et affiches sur les cloisons, les structures, les poutres, les poteaux ou le sol est strictement interdite. Tout autocollant, \u00e9l\u00e9ment graphique ou autre \u00e9l\u00e9ment de fixation appos\u00e9 sur le stand doit \u00eatre approuv\u00e9 par l&#039;organisateur et le prestataire officiel.<\/span><\/li><li style=\"font-weight: 400;\" aria-level=\"1\"><span style=\"font-weight: 400;\">Ne modifiez pas la structure de base du stand par d\u00e9montage ou installation sans l&#039;accord pr\u00e9alable du contractant officiel.<\/span><\/li><\/ul><p><b>Pour le mobilier fourni dans une cabine standard ou le mobilier de location<\/b><\/p><ul><li style=\"font-weight: 400;\" aria-level=\"1\"><span style=\"font-weight: 400;\">Il est interdit de d\u00e9placer ou de retirer tout mobilier des autres stands ou des zones situ\u00e9es en dehors des zones convenues sans l&#039;accord de l&#039;organisateur. Les stands et le mobilier lou\u00e9s doivent \u00eatre restitu\u00e9s en bon \u00e9tat.<\/span><\/li><li style=\"font-weight: 400;\" aria-level=\"1\"><span style=\"font-weight: 400;\">Ne vous tenez pas debout, ne vous asseyez pas et ne posez pas d&#039;objets de plus de 20 kg sur les tables ou les \u00e9tag\u00e8res. N&#039;utilisez pas les chaises \u00e0 d&#039;autres fins que pour vous asseoir.<\/span><\/li><li style=\"font-weight: 400;\" aria-level=\"1\"><span style=\"font-weight: 400;\">N\u2019utilisez ni couteau, ni marteau, ni machine, car cela pourrait endommager la structure de la cabine, la surface de la table ou de la chaise.<\/span><\/li><li style=\"font-weight: 400;\" aria-level=\"1\"><span style=\"font-weight: 400;\">Ne tra\u00eenez pas les tables, les chaises ou les machines qui pourraient d\u00e9chirer la moquette du stand.<\/span><\/li><\/ul><p><b>\u00a0Pour cloison de cabine standard<\/b><\/p><ul><li aria-level=\"1\">Les exposants doivent d\u00e9poser une caution pour les cloisons s&#039;ils utilisent des affiches coll\u00e9es ou des panneaux publicitaires m\u00e9talliques sur les murs. Le co\u00fbt est de 500\u00a0000 VND par cloison. La caution sera rembours\u00e9e par l&#039;organisateur officiel apr\u00e8s l&#039;\u00e9v\u00e9nement, \u00e0 son guichet, sous r\u00e9serve d&#039;absence de dommages aux murs.<\/li><li style=\"font-weight: 400;\" aria-level=\"1\"><span style=\"font-weight: 400;\">Le r\u00e8glement ci-dessus s&#039;applique aux stands standards et entre en vigueur d\u00e8s leur r\u00e9ception par l&#039;exposant. L&#039;organisateur et le prestataire officiel peuvent exiger l&#039;arr\u00eat des travaux d&#039;am\u00e9nagement du stand. L&#039;exposant est tenu d&#039;indemniser tout dommage caus\u00e9 \u00e0 la structure, au sol, aux murs et \u00e0 tout autre bien lui appartenant. L&#039;exposant peut appliquer une majoration dont le montant est fix\u00e9 par l&#039;organisateur et le prestataire officiel.<\/span><\/li><\/ul>\t\t\t\t\t\t<\/div>\n\t\t\t\t<\/div>\n\t\t\t\t\t<\/div>\n\t\t\t\t<\/div>\n\t\t\t\t\t\t<\/details>\n\t\t\t\t\t\t\t<details id=\"e-n-accordion-item-9648\" class=\"e-n-accordion-item e-normal\" >\n\t\t\t\t\t<summary class='e-n-accordion-item-title'>\n\t\t\t\t\t\t<span class='e-n-accordion-item-title-header'><div class=\"e-n-accordion-item-title-text\"> Quelles sont les informations importantes concernant les stands sans espace (stands sans espace)\u00a0? <\/div><\/span>\n\t\t\t\t\t\t\t\t<span class='e-n-accordion-item-title-icon'>\n\t\t\t<span class='e-opened' ><i aria-hidden=\"true\" class=\"fas fa-minus\"><\/i><\/span>\n\t\t\t<span class='e-closed'><i aria-hidden=\"true\" class=\"fas fa-plus\"><\/i><\/span>\n\t\t<\/span>\n\n\t\t\t\t\t\t\t<\/summary>\n\t\t\t\t\t<div class=\"elementor-element elementor-element-7b6d929 e-flex e-con-boxed e-con\" data-id=\"7b6d929\" data-element_type=\"container\" data-settings=\"{&quot;content_width&quot;:&quot;boxed&quot;}\">\n\t\t\t\t\t<div class=\"e-con-inner\">\n\t\t\t\t<div class=\"elementor-element elementor-element-e906927 elementor-widget elementor-widget-text-editor\" data-id=\"e906927\" data-element_type=\"widget\" data-widget_type=\"text-editor.default\">\n\t\t\t\t<div class=\"elementor-widget-container\">\n\t\t\t\t\t\t\t<p><span style=\"text-align: var(--text-align); background-color: var(--bs-body-bg);\">Cabines sans espace (cabines sans espace)<\/span><span style=\"font-weight: 400;\">&nbsp;L&#039;espace fourni est un emplacement nu. L&#039;exposant peut choisir de construire son stand lui-m\u00eame ou de faire appel \u00e0 un entrepreneur. Dans ce cas, il doit soumettre le [Formulaire de demande\u00a0: Stands en espace nu] et contacter la direction du SECC pour s&#039;acquitter des frais suppl\u00e9mentaires pr\u00e9vus par la r\u00e9glementation du SECC.&nbsp;<\/span><\/p>\n<p>Pour les stands sans emplacement (stands sans emplacement), les autres frais suppl\u00e9mentaires payables \u00e0 SECC comprennent\u00a0:<\/p>\n<ul>\n<li style=\"font-weight: 400;\" aria-level=\"1\"><span style=\"font-weight: 400;\">Caution pour le chantier : 1 100 000 VND\/m\u00b2 (remboursable apr\u00e8s l&#039;exposition si aucun dommage n&#039;est caus\u00e9 aux installations du centre d&#039;exposition).<\/span><\/li>\n<li style=\"font-weight: 400;\" aria-level=\"1\"><span style=\"font-weight: 400;\">Frais de gestion de chantier sur site : 120 000 VND\/m\u00b2 (TVA incluse).<\/span><\/li>\n<li style=\"font-weight: 400;\" aria-level=\"1\"><span style=\"font-weight: 400;\">Badges nominatifs pour le personnel de construction des stands en espace brut\u00a0: 110\u00a0000 VND\/badge (TVA incluse).<\/span><\/li>\n<li style=\"font-weight: 400;\" aria-level=\"1\"><span style=\"font-weight: 400;\">&nbsp;Les frais de construction en dehors des heures ouvrables s&#039;\u00e9l\u00e8vent \u00e0 150 USD\/heure (le cas \u00e9ch\u00e9ant).<\/span><\/li>\n<\/ul>\t\t\t\t\t\t<\/div>\n\t\t\t\t<\/div>\n\t\t\t\t\t<\/div>\n\t\t\t\t<\/div>\n\t\t\t\t\t\t<\/details>\n\t\t\t\t\t\t\t<details id=\"e-n-accordion-item-9649\" class=\"e-n-accordion-item e-normal\" >\n\t\t\t\t\t<summary class='e-n-accordion-item-title'>\n\t\t\t\t\t\t<span class='e-n-accordion-item-title-header'><div class=\"e-n-accordion-item-title-text\"> Quelles marques exposent \u00e0 InterPet Expo Vi\u1ec7t Nam ? <\/div><\/span>\n\t\t\t\t\t\t\t\t<span class='e-n-accordion-item-title-icon'>\n\t\t\t<span class='e-opened' ><i aria-hidden=\"true\" class=\"fas fa-minus\"><\/i><\/span>\n\t\t\t<span class='e-closed'><i aria-hidden=\"true\" class=\"fas fa-plus\"><\/i><\/span>\n\t\t<\/span>\n\n\t\t\t\t\t\t\t<\/summary>\n\t\t\t\t\t<div class=\"elementor-element elementor-element-d1d79ef e-flex e-con-boxed e-con\" data-id=\"d1d79ef\" data-element_type=\"container\" data-settings=\"{&quot;content_width&quot;:&quot;boxed&quot;}\">\n\t\t\t\t\t<div class=\"e-con-inner\">\n\t\t\t\t<div class=\"elementor-element elementor-element-d81c946 elementor-widget elementor-widget-text-editor\" data-id=\"d81c946\" data-element_type=\"widget\" data-widget_type=\"text-editor.default\">\n\t\t\t\t<div class=\"elementor-widget-container\">\n\t\t\t\t\t\t\t<p><strong><span style=\"text-decoration: underline;\"><a href=\"https:\/\/interpetvietnam.com\/fr\/event-list\/\">\u00ab<\/a>Consultez la liste des exposants du Festival international des animaux de compagnie<a href=\"https:\/\/interpetvietnam.com\/fr\/event-list\/\">\u00bb\u00a0<\/a><\/span><\/strong><\/p>\t\t\t\t\t\t<\/div>\n\t\t\t\t<\/div>\n\t\t\t\t\t<\/div>\n\t\t\t\t<\/div>\n\t\t\t\t\t\t<\/details>\n\t\t\t\t\t\t\t<details id=\"e-n-accordion-item-96410\" class=\"e-n-accordion-item e-normal\" >\n\t\t\t\t\t<summary class='e-n-accordion-item-title'>\n\t\t\t\t\t\t<span class='e-n-accordion-item-title-header'><div class=\"e-n-accordion-item-title-text\"> O\u00f9 et comment puis-je commander mes badges d&#039;exposant\u00a0? <\/div><\/span>\n\t\t\t\t\t\t\t\t<span class='e-n-accordion-item-title-icon'>\n\t\t\t<span class='e-opened' ><i aria-hidden=\"true\" class=\"fas fa-minus\"><\/i><\/span>\n\t\t\t<span class='e-closed'><i aria-hidden=\"true\" class=\"fas fa-plus\"><\/i><\/span>\n\t\t<\/span>\n\n\t\t\t\t\t\t\t<\/summary>\n\t\t\t\t\t<div class=\"elementor-element elementor-element-bcf0f6d e-flex e-con-boxed e-con\" data-id=\"bcf0f6d\" data-element_type=\"container\" data-settings=\"{&quot;content_width&quot;:&quot;boxed&quot;}\">\n\t\t\t\t\t<div class=\"e-con-inner\">\n\t\t\t\t<div class=\"elementor-element elementor-element-d18c7ac elementor-widget elementor-widget-text-editor\" data-id=\"d18c7ac\" data-element_type=\"widget\" data-widget_type=\"text-editor.default\">\n\t\t\t\t<div class=\"elementor-widget-container\">\n\t\t\t\t\t\t\t<p><span style=\"font-weight: 400;\">Chaque exposant d&#039;InterPet Expo Vi\u1ec7t Nam recevra 5 badges nominatifs par stand. Si vous en avez besoin de plus ou moins, notre service client vous contactera pour confirmation.&nbsp;<\/span><\/p>\n<p><span style=\"font-weight: 400;\">Les badges nominatifs des exposants seront disponibles le 18 f\u00e9vrier 2025 de 13h30 \u00e0 17h00 et le 19 f\u00e9vrier 2025 de 9h00 \u00e0 18h00 au point d&#039;information du SECC. Pour retirer tous les badges d&#039;un stand, il suffit de d\u00e9clarer le nom exact de l&#039;entreprise, le num\u00e9ro du stand et de pr\u00e9senter une pi\u00e8ce d&#039;identit\u00e9 (carte de visite, confirmation par e-mail, etc.). L&#039;organisateur pourra demander une pi\u00e8ce d&#039;identit\u00e9 en cas de doute.&nbsp; <\/span><\/p>\t\t\t\t\t\t<\/div>\n\t\t\t\t<\/div>\n\t\t\t\t\t<\/div>\n\t\t\t\t<\/div>\n\t\t\t\t\t\t<\/details>\n\t\t\t\t\t\t\t<details id=\"e-n-accordion-item-96411\" class=\"e-n-accordion-item e-normal\" >\n\t\t\t\t\t<summary class='e-n-accordion-item-title'>\n\t\t\t\t\t\t<span class='e-n-accordion-item-title-header'><div class=\"e-n-accordion-item-title-text\"> Je souhaite commander du mat\u00e9riel suppl\u00e9mentaire pour mon stand. Comment puis-je proc\u00e9der\u00a0? <\/div><\/span>\n\t\t\t\t\t\t\t\t<span class='e-n-accordion-item-title-icon'>\n\t\t\t<span class='e-opened' ><i aria-hidden=\"true\" class=\"fas fa-minus\"><\/i><\/span>\n\t\t\t<span class='e-closed'><i aria-hidden=\"true\" class=\"fas fa-plus\"><\/i><\/span>\n\t\t<\/span>\n\n\t\t\t\t\t\t\t<\/summary>\n\t\t\t\t\t<div class=\"elementor-element elementor-element-fa413e4 e-flex e-con-boxed e-con\" data-id=\"fa413e4\" data-element_type=\"container\" data-settings=\"{&quot;content_width&quot;:&quot;boxed&quot;}\">\n\t\t\t\t\t<div class=\"e-con-inner\">\n\t\t\t\t<div class=\"elementor-element elementor-element-cca44d2 elementor-widget elementor-widget-text-editor\" data-id=\"cca44d2\" data-element_type=\"widget\" data-widget_type=\"text-editor.default\">\n\t\t\t\t<div class=\"elementor-widget-container\">\n\t\t\t\t\t\t\t<p><span style=\"font-weight: 400;\">Notre service client\u00e8le vous enverra le formulaire de demande de services publics. Nos collaborateurs devront confirmer le type de services et leur co\u00fbt.<\/span><\/p><p><span style=\"font-weight: 400;\">Veuillez noter\u00a0: les frais de location des services publics augmenteront de 10% pour toute demande tardive (10 jours avant la date de l\u2019\u00e9v\u00e9nement) et de 30% pour toute demande sur place (pendant la p\u00e9riode de construction et pendant le spectacle).\u00a0<\/span><\/p>\t\t\t\t\t\t<\/div>\n\t\t\t\t<\/div>\n\t\t\t\t\t<\/div>\n\t\t\t\t<\/div>\n\t\t\t\t\t\t<\/details>\n\t\t\t\t\t\t\t<details id=\"e-n-accordion-item-96412\" class=\"e-n-accordion-item e-normal\" >\n\t\t\t\t\t<summary class='e-n-accordion-item-title'>\n\t\t\t\t\t\t<span class='e-n-accordion-item-title-header'><div class=\"e-n-accordion-item-title-text\"> H\u00f4tel pr\u00e8s du SECC - Centre d&#039;expositions et de congr\u00e8s de Saigon ? <\/div><\/span>\n\t\t\t\t\t\t\t\t<span class='e-n-accordion-item-title-icon'>\n\t\t\t<span class='e-opened' ><i aria-hidden=\"true\" class=\"fas fa-minus\"><\/i><\/span>\n\t\t\t<span class='e-closed'><i aria-hidden=\"true\" class=\"fas fa-plus\"><\/i><\/span>\n\t\t<\/span>\n\n\t\t\t\t\t\t\t<\/summary>\n\t\t\t\t\t<div class=\"elementor-element elementor-element-bcfb376 e-flex e-con-boxed e-con\" data-id=\"bcfb376\" data-element_type=\"container\" data-settings=\"{&quot;content_width&quot;:&quot;boxed&quot;}\">\n\t\t\t\t\t<div class=\"e-con-inner\">\n\t\t\t\t<div class=\"elementor-element elementor-element-63076fb elementor-widget elementor-widget-text-editor\" data-id=\"63076fb\" data-element_type=\"widget\" data-widget_type=\"text-editor.default\">\n\t\t\t\t<div class=\"elementor-widget-container\">\n\t\t\t\t\t\t\t<ul><li><strong>H\u00f4tel L&#039;Od\u00e9on Phu My Hung<\/strong><\/li><\/ul><p><em><span style=\"font-weight: 400;\">Adresse : 63-65 Le Van Thiem, Hung Phuoc 3, Phu My Hung, quartier Tan Phong, district 7, H\u00f4 Chi Minh-Ville<\/span><\/em><\/p><p><span style=\"font-weight: 400;\">Situ\u00e9 dans le district 7, l&#039;h\u00f4tel L&#039;Odeon Phu My Hung propose des h\u00e9bergements modernes et \u00e9l\u00e9gants avec une connexion Wi-Fi gratuite dans tout l&#039;\u00e9tablissement. Il dispose d&#039;une r\u00e9ception ouverte 24h\/24 et d&#039;un parking gratuit sur place. L&#039;h\u00f4tel se trouve \u00e0 1,5 km du Centre des expositions et des congr\u00e8s de Sa\u00efgon. Le quai de Nha Rong et le mus\u00e9e des Beaux-Arts sont \u00e0 4,4 km, tandis que l&#039;a\u00e9roport international de T\u00e2n S\u01a1n Nh\u1ea5t est accessible en voiture \u00e0 12 km.<\/span><\/p><ul><li><strong>H\u00f4tel Liberty Saigon Sud<\/strong><\/li><\/ul><p><em><span style=\"font-weight: 400;\">Adresse : 542a, rue Huynh Tan Phat, district 7, H\u00f4 Chi Minh-Ville<\/span><\/em><\/p><p><span style=\"font-weight: 400;\">L&#039;h\u00f4tel Liberty Saigon South est situ\u00e9 \u00e0 H\u00f4 Chi Minh-Ville, \u00e0 seulement 5,2 km du march\u00e9 anim\u00e9 de Ben Thanh. Il propose des chambres \u00e9l\u00e9gantes \u00e9quip\u00e9es d&#039;une t\u00e9l\u00e9vision \u00e0 \u00e9cran plat et d&#039;une connexion Wi-Fi gratuite. L&#039;\u00e9tablissement dispose \u00e9galement d&#039;un spa, d&#039;un centre de bien-\u00eatre et d&#039;un restaurant.<\/span><\/p><ul><li><strong>Ibis Saigon Sud \u2013 Ibis Saigon Sud<\/strong><\/li><\/ul><p><em><span style=\"font-weight: 400;\">Adresse : 73 rue Hoang Van Thai, quartier Phu My Hung Tan Phu, district 7, H\u00f4 Chi Minh-Ville, Vietnam<\/span><\/em><\/p><p><span style=\"font-weight: 400;\">L&#039;h\u00f4tel Ibis Saigon South b\u00e9n\u00e9ficie d&#039;un emplacement id\u00e9al, \u00e0 deux pas du Centre des expositions et des congr\u00e8s de Saigon (SECC), offrant un acc\u00e8s facile au centre-ville d&#039;H\u00f4-Chi-Minh-Ville ainsi qu&#039;au parc industriel de Long Hau\/Long Thanh. Entour\u00e9 par le quartier d&#039;affaires, m\u00e9dical et de loisirs de Phu My Hung, il permet \u00e0 ses clients de se rendre \u00e0 pied aux si\u00e8ges sociaux, \u00e0 l&#039;h\u00f4pital FV, \u00e0 l&#039;h\u00f4pital cardiaque Tam Duc et \u00e0 des cliniques internationales, au centre commercial Crescent et au lac.<\/span><\/p><ul><li><strong>H\u00f4tel Capri By Fraser<\/strong><\/li><\/ul><p><em><span style=\"font-weight: 400;\">Adresse : Rue C n\u00b0 2, Tan Phu, District 7, H\u00f4 Chi Minh-Ville, Vietnam<\/span><\/em><\/p><p><span style=\"font-weight: 400;\">Situ\u00e9 \u00e0 moins de 300 m\u00e8tres du Centre des expositions et des congr\u00e8s de Saigon, le Capri by Fraser Ho Chi Minh City propose un centre de remise en forme et des h\u00e9bergements enti\u00e8rement \u00e9quip\u00e9s avec connexion Wi-Fi gratuite. Cet \u00e9tablissement offre un service de navette gratuit vers le centre-ville (district 1).<\/span><\/p><ul><li><strong>Palais de Cristal MerPerle<\/strong><\/li><\/ul><p><em><span style=\"font-weight: 400;\">Adresse : 13 Nguyen Luong Bang, quartier Tan Phu, district 7, Ho Chi Minh, Vietnam<\/span><\/em><\/p><p><span style=\"font-weight: 400;\">Class\u00e9 h\u00f4tel 4 \u00e9toiles aux normes internationales, le Crystal Palace dispose de 80 chambres luxueuses, de 4 grandes salles alliant modernit\u00e9 et charme d&#039;antan pour r\u00e9unions, conf\u00e9rences, s\u00e9minaires, \u00e9v\u00e9nements et mariages, d&#039;un restaurant international et d&#039;un caf\u00e9-terrasse. Le Palace ambitionne d&#039;\u00eatre le lieu de pr\u00e9dilection pour toutes vos c\u00e9l\u00e9brations, qu&#039;il s&#039;agisse d&#039;un s\u00e9jour confortable ou d&#039;\u00e9v\u00e9nements sp\u00e9ciaux.<\/span><\/p>\t\t\t\t\t\t<\/div>\n\t\t\t\t<\/div>\n\t\t\t\t\t<\/div>\n\t\t\t\t<\/div>\n\t\t\t\t\t\t<\/details>\n\t\t\t\t\t<\/div>\n\t\t\t\t<\/div>\n\t\t\t\t<\/div>\n\t\t\t\t\t<\/div>\n\t\t\t\t<\/div>\n\t\t\t\t\t<\/div>\n\t\t\t\t<\/div>\n\t\t\t\t\t<\/div>\n\t\t\t\t<\/div>\n\t\t<div class=\"elementor-element elementor-element-8f62f42 e-flex e-con-boxed e-con\" data-id=\"8f62f42\" data-element_type=\"container\" data-settings=\"{&quot;content_width&quot;:&quot;boxed&quot;}\">\n\t\t\t\t\t<div class=\"e-con-inner\">\n\t\t\t\t<div class=\"elementor-element elementor-element-bb86677 elementor-skin-slideshow elementor-arrows-yes elementor-widget elementor-widget-media-carousel\" data-id=\"bb86677\" data-element_type=\"widget\" data-settings=\"{&quot;skin&quot;:&quot;slideshow&quot;,&quot;autoplay_speed&quot;:2000,&quot;slideshow_slides_per_view&quot;:&quot;8&quot;,&quot;effect&quot;:&quot;slide&quot;,&quot;show_arrows&quot;:&quot;yes&quot;,&quot;speed&quot;:500,&quot;autoplay&quot;:&quot;yes&quot;,&quot;loop&quot;:&quot;yes&quot;,&quot;pause_on_hover&quot;:&quot;yes&quot;,&quot;pause_on_interaction&quot;:&quot;yes&quot;,&quot;space_between&quot;:{&quot;unit&quot;:&quot;px&quot;,&quot;size&quot;:10,&quot;sizes&quot;:[]},&quot;space_between_tablet&quot;:{&quot;unit&quot;:&quot;px&quot;,&quot;size&quot;:10,&quot;sizes&quot;:[]},&quot;space_between_mobile&quot;:{&quot;unit&quot;:&quot;px&quot;,&quot;size&quot;:10,&quot;sizes&quot;:[]}}\" data-widget_type=\"media-carousel.default\">\n\t\t\t\t<div class=\"elementor-widget-container\">\n\t\t\t<link rel=\"stylesheet\" href=\"https:\/\/interpetvietnam.com\/wp-content\/plugins\/elementor-pro\/assets\/css\/widget-carousel.min.css\">\t\t<div class=\"elementor-swiper\">\n\t\t\t<div class=\"elementor-main-swiper swiper\">\n\t\t\t\t<div class=\"swiper-wrapper\">\n\t\t\t\t\t\t\t\t\t\t\t<div class=\"swiper-slide\">\n\t\t\t\t\t\t\t<a href=\"https:\/\/interpetvietnam.com\/fr\/contact-us\/\">\t\t<div class=\"elementor-carousel-image\" role=\"img\" aria-label=\"Plan de travail 15\" style=\"background-image: url(&#039;https:\/\/interpetvietnam.com\/wp-content\/uploads\/2024\/08\/Artboard-15.jpg&#039;)\">\n\n\t\t\t\n\t\t\t\t\t<\/div>\n\t\t<\/a>\t\t\t\t\t\t<\/div>\n\t\t\t\t\t\t\t\t\t\t\t<div class=\"swiper-slide\">\n\t\t\t\t\t\t\t<a href=\"https:\/\/interpetvietnam.com\/fr\/contact-us\/\">\t\t<div class=\"elementor-carousel-image\" role=\"img\" aria-label=\"Changez la fa\u00e7on dont le monde vit\" style=\"background-image: url(&#039;https:\/\/interpetvietnam.com\/wp-content\/uploads\/2024\/08\/Change-the-way-the-world-experiences.jpg&#039;)\">\n\n\t\t\t\n\t\t\t\t\t<\/div>\n\t\t<\/a>\t\t\t\t\t\t<\/div>\n\t\t\t\t\t\t\t\t\t\t\t<div class=\"swiper-slide\">\n\t\t\t\t\t\t\t<a href=\"https:\/\/interpetvietnam.com\/fr\/contact-us\/\">\t\t<div class=\"elementor-carousel-image\" role=\"img\" aria-label=\"Animalerie\" style=\"background-image: url(&#039;https:\/\/interpetvietnam.com\/wp-content\/uploads\/2024\/08\/Pet-SHop.jpg&#039;)\">\n\n\t\t\t\n\t\t\t\t\t<\/div>\n\t\t<\/a>\t\t\t\t\t\t<\/div>\n\t\t\t\t\t\t\t\t\t\t\t<div class=\"swiper-slide\">\n\t\t\t\t\t\t\t<a href=\"https:\/\/interpetvietnam.com\/fr\/contact-us\/\">\t\t<div class=\"elementor-carousel-image\" role=\"img\" aria-label=\"l\u00e8ve-t\u00f4t g\u00e9n\u00e9ral\" style=\"background-image: url(&#039;https:\/\/interpetvietnam.com\/wp-content\/uploads\/2024\/08\/early-bird-general.jpg&#039;)\">\n\n\t\t\t\n\t\t\t\t\t<\/div>\n\t\t<\/a>\t\t\t\t\t\t<\/div>\n\t\t\t\t\t\t\t\t\t\t\t<div class=\"swiper-slide\">\n\t\t\t\t\t\t\t\t\t<div class=\"elementor-carousel-image\" role=\"img\" aria-label=\"ventes 2\" style=\"background-image: url(&#039;https:\/\/interpetvietnam.com\/wp-content\/uploads\/2024\/08\/sales-2.jpg&#039;)\">\n\n\t\t\t\n\t\t\t\t\t<\/div>\n\t\t\t\t\t\t\t\t<\/div>\n\t\t\t\t\t\t\t\t\t<\/div>\n\t\t\t\t\t\t\t\t\t\t\t\t\t\t\t\t\t\t\t\t<div class=\"elementor-swiper-button elementor-swiper-button-prev\" role=\"button\" tabindex=\"0\">\n\t\t\t\t\t\t\t<i aria-hidden=\"true\" class=\"eicon-chevron-left\"><\/i>\t\t\t\t\t\t\t<span class=\"elementor-screen-only\">Pr\u00e9c\u00e9dent<\/span>\n\t\t\t\t\t\t<\/div>\n\t\t\t\t\t\t<div class=\"elementor-swiper-button elementor-swiper-button-next\" role=\"button\" tabindex=\"0\">\n\t\t\t\t\t\t\t<i aria-hidden=\"true\" class=\"eicon-chevron-right\"><\/i>\t\t\t\t\t\t\t<span class=\"elementor-screen-only\">Suivant<\/span>\n\t\t\t\t\t\t<\/div>\n\t\t\t\t\t\t\t\t\t\t\t\t<\/div>\n\t\t<\/div>\n\t\t\t\t<div class=\"elementor-swiper\">\n\t\t\t<div class=\"elementor-thumbnails-swiper swiper\">\n\t\t\t\t<div class=\"swiper-wrapper\">\n\t\t\t\t\t\t\t\t\t\t\t<div class=\"swiper-slide\">\n\t\t\t\t\t\t\t\t\t<div class=\"elementor-carousel-image\" role=\"img\" aria-label=\"Plan de travail 15\" style=\"background-image: url(&#039;https:\/\/interpetvietnam.com\/wp-content\/uploads\/2024\/08\/Artboard-15.jpg&#039;)\">\n\n\t\t\t\n\t\t\t\t\t<\/div>\n\t\t<\/a>\t\t\t\t\t\t<\/div>\n\t\t\t\t\t\t\t\t\t\t\t<div class=\"swiper-slide\">\n\t\t\t\t\t\t\t\t\t<div class=\"elementor-carousel-image\" role=\"img\" aria-label=\"Changez la fa\u00e7on dont le monde vit\" style=\"background-image: url(&#039;https:\/\/interpetvietnam.com\/wp-content\/uploads\/2024\/08\/Change-the-way-the-world-experiences.jpg&#039;)\">\n\n\t\t\t\n\t\t\t\t\t<\/div>\n\t\t<\/a>\t\t\t\t\t\t<\/div>\n\t\t\t\t\t\t\t\t\t\t\t<div class=\"swiper-slide\">\n\t\t\t\t\t\t\t\t\t<div class=\"elementor-carousel-image\" role=\"img\" aria-label=\"Animalerie\" style=\"background-image: url(&#039;https:\/\/interpetvietnam.com\/wp-content\/uploads\/2024\/08\/Pet-SHop.jpg&#039;)\">\n\n\t\t\t\n\t\t\t\t\t<\/div>\n\t\t<\/a>\t\t\t\t\t\t<\/div>\n\t\t\t\t\t\t\t\t\t\t\t<div class=\"swiper-slide\">\n\t\t\t\t\t\t\t\t\t<div class=\"elementor-carousel-image\" role=\"img\" aria-label=\"l\u00e8ve-t\u00f4t g\u00e9n\u00e9ral\" style=\"background-image: url(&#039;https:\/\/interpetvietnam.com\/wp-content\/uploads\/2024\/08\/early-bird-general.jpg&#039;)\">\n\n\t\t\t\n\t\t\t\t\t<\/div>\n\t\t<\/a>\t\t\t\t\t\t<\/div>\n\t\t\t\t\t\t\t\t\t\t\t<div class=\"swiper-slide\">\n\t\t\t\t\t\t\t\t\t<div class=\"elementor-carousel-image\" role=\"img\" aria-label=\"ventes 2\" style=\"background-image: url(&#039;https:\/\/interpetvietnam.com\/wp-content\/uploads\/2024\/08\/sales-2.jpg&#039;)\">\n\n\t\t\t\n\t\t\t\t\t<\/div>\n\t\t\t\t\t\t\t\t<\/div>\n\t\t\t\t\t\t\t\t\t<\/div>\n\t\t\t\t\t\t\t\t\t\t\t\t\t\t\t\t\t\t\t\t\t<\/div>\n\t\t<\/div>\n\t\t\t\t<\/div>\n\t\t\t\t<\/div>\n\t\t\t\t<div class=\"elementor-element elementor-element-d6ab782 elementor-button-success elementor-align-center elementor-widget elementor-widget-button\" data-id=\"d6ab782\" data-element_type=\"widget\" data-widget_type=\"button.default\">\n\t\t\t\t<div class=\"elementor-widget-container\">\n\t\t\t\t\t<div class=\"elementor-button-wrapper\">\n\t\t\t<a class=\"elementor-button elementor-button-link elementor-size-sm\" href=\"https:\/\/interpetvietnam.com\/fr\/informations-sur-la-participation-2\/\">\n\t\t\t\t\t\t<span class=\"elementor-button-content-wrapper\">\n\t\t\t\t\t\t<span class=\"elementor-button-text\">D\u00e9couvrez-en plus sur la r\u00e9servation de stands<\/span>\n\t\t<\/span>\n\t\t\t\t\t<\/a>\n\t\t<\/div>\n\t\t\t\t<\/div>\n\t\t\t\t<\/div>\n\t\t\t\t\t<\/div>\n\t\t\t\t<\/div>\n\t\t\t\t<\/div>\n\t\t\t\t\t<\/div>\n\t\t\t\t<\/div>\n\t\t\t\t\t\t\t<\/div>","protected":false},"excerpt":{"rendered":"<p>R\u00c8GLEMENT DES EXPOSANTS Bienvenue \u00e0 InterPet Expo Vi\u1ec7t Nam 2024 ! Afin de garantir une exp\u00e9rience s\u00fbre, agr\u00e9able et productive pour tous les participants, veuillez lire attentivement les pr\u00e9sentes directives. I. AVIS IMPORTANTS 1. Exon\u00e9ration de responsabilit\u00e9 \u2013 Acceptation des risques : En participant \u00e0 InterPet Expo Vi\u1ec7t Nam, les participants et les exposants assument tous les risques li\u00e9s \u00e0 leur pr\u00e9sence \u00e0 l&#039;\u00e9v\u00e9nement, y compris les risques personnels<\/p>","protected":false},"author":1,"featured_media":0,"parent":8082,"menu_order":0,"comment_status":"closed","ping_status":"closed","template":"elementor_header_footer","meta":{"inline_featured_image":false,"footnotes":""},"class_list":["post-8090","page","type-page","status-publish","hentry"],"acf":[],"yoast_head":"<!-- This site is optimized with the Yoast SEO Premium plugin v22.8 (Yoast SEO v26.3) - https:\/\/yoast.com\/wordpress\/plugins\/seo\/ -->\n<title>Exhibitor Regulation - InterPet Expo Vietnam<\/title>\n<meta name=\"robots\" content=\"noindex, follow, max-snippet:-1, max-image-preview:large, max-video-preview:-1\" \/>\n<meta property=\"og:locale\" content=\"fr_FR\" \/>\n<meta property=\"og:type\" content=\"article\" \/>\n<meta property=\"og:title\" content=\"Exhibitor Regulation\" \/>\n<meta property=\"og:description\" content=\"exhibitor rEGULATIONS Welcome to InterPet Expo Vi\u1ec7t Nam 2024! To ensure a safe, enjoyable, and productive experience for all participants, please review these guidelines carefully. I. IMPORTANT NOTICES 1. Liability Waiver \u2013 Assumption of Risk: By participating in InterPet Expo Vi\u1ec7t Nam, attendees and exhibitors assume all risks associated with attending the event, including personal\" \/>\n<meta property=\"og:url\" content=\"https:\/\/interpetvietnam.com\/fr\/festival-des-animaux-de-compagnie-de-thao-dien\/reglementation-des-exposants\/\" \/>\n<meta property=\"og:site_name\" content=\"InterPet Expo Vietnam\" \/>\n<meta property=\"article:modified_time\" content=\"2024-08-29T04:12:06+00:00\" \/>\n<meta name=\"twitter:card\" content=\"summary_large_image\" \/>\n<meta name=\"twitter:label1\" content=\"Dur\u00e9e de lecture estim\u00e9e\" \/>\n\t<meta name=\"twitter:data1\" content=\"39 minutes\" \/>\n<script type=\"application\/ld+json\" class=\"yoast-schema-graph\">{\"@context\":\"https:\/\/schema.org\",\"@graph\":[{\"@type\":\"WebPage\",\"@id\":\"https:\/\/interpetvietnam.com\/thao-dien-petfest\/exhibitor-regulation\/\",\"url\":\"https:\/\/interpetvietnam.com\/thao-dien-petfest\/exhibitor-regulation\/\",\"name\":\"Exhibitor Regulation - InterPet Expo Vietnam\",\"isPartOf\":{\"@id\":\"https:\/\/interpetvietnam.com\/#website\"},\"datePublished\":\"2024-08-29T02:29:44+00:00\",\"dateModified\":\"2024-08-29T04:12:06+00:00\",\"breadcrumb\":{\"@id\":\"https:\/\/interpetvietnam.com\/thao-dien-petfest\/exhibitor-regulation\/#breadcrumb\"},\"inLanguage\":\"fr-FR\",\"potentialAction\":[{\"@type\":\"ReadAction\",\"target\":[\"https:\/\/interpetvietnam.com\/thao-dien-petfest\/exhibitor-regulation\/\"]}]},{\"@type\":\"BreadcrumbList\",\"@id\":\"https:\/\/interpetvietnam.com\/thao-dien-petfest\/exhibitor-regulation\/#breadcrumb\",\"itemListElement\":[{\"@type\":\"ListItem\",\"position\":1,\"name\":\"Home\",\"item\":\"https:\/\/interpetvietnam.com\/\"},{\"@type\":\"ListItem\",\"position\":2,\"name\":\"Th\u1ea3o \u0110i\u1ec1n PetFest\",\"item\":\"https:\/\/interpetvietnam.com\/thao-dien-petfest\/\"},{\"@type\":\"ListItem\",\"position\":3,\"name\":\"Exhibitor Regulation\"}]},{\"@type\":\"WebSite\",\"@id\":\"https:\/\/interpetvietnam.com\/#website\",\"url\":\"https:\/\/interpetvietnam.com\/\",\"name\":\"InterPet Expo Vietnam\",\"description\":\"\",\"publisher\":{\"@id\":\"https:\/\/interpetvietnam.com\/#organization\"},\"potentialAction\":[{\"@type\":\"SearchAction\",\"target\":{\"@type\":\"EntryPoint\",\"urlTemplate\":\"https:\/\/interpetvietnam.com\/?s={search_term_string}\"},\"query-input\":{\"@type\":\"PropertyValueSpecification\",\"valueRequired\":true,\"valueName\":\"search_term_string\"}}],\"inLanguage\":\"fr-FR\"},{\"@type\":\"Organization\",\"@id\":\"https:\/\/interpetvietnam.com\/#organization\",\"name\":\"InterPet Expo Vietnam\",\"url\":\"https:\/\/interpetvietnam.com\/\",\"logo\":{\"@type\":\"ImageObject\",\"inLanguage\":\"fr-FR\",\"@id\":\"https:\/\/interpetvietnam.com\/#\/schema\/logo\/image\/\",\"url\":\"https:\/\/interpetvietnam.com\/wp-content\/uploads\/2025\/12\/interpetlogoheader.png\",\"contentUrl\":\"https:\/\/interpetvietnam.com\/wp-content\/uploads\/2025\/12\/interpetlogoheader.png\",\"width\":1361,\"height\":719,\"caption\":\"InterPet Expo Vietnam\"},\"image\":{\"@id\":\"https:\/\/interpetvietnam.com\/#\/schema\/logo\/image\/\"}}]}<\/script>\n<!-- \/ Yoast SEO Premium plugin. -->","yoast_head_json":{"title":"Exhibitor Regulation - InterPet Expo Vietnam","robots":{"index":"noindex","follow":"follow","max-snippet":"max-snippet:-1","max-image-preview":"max-image-preview:large","max-video-preview":"max-video-preview:-1"},"og_locale":"fr_FR","og_type":"article","og_title":"Exhibitor Regulation","og_description":"exhibitor rEGULATIONS Welcome to InterPet Expo Vi\u1ec7t Nam 2024! To ensure a safe, enjoyable, and productive experience for all participants, please review these guidelines carefully. I. IMPORTANT NOTICES 1. Liability Waiver \u2013 Assumption of Risk: By participating in InterPet Expo Vi\u1ec7t Nam, attendees and exhibitors assume all risks associated with attending the event, including personal","og_url":"https:\/\/interpetvietnam.com\/fr\/festival-des-animaux-de-compagnie-de-thao-dien\/reglementation-des-exposants\/","og_site_name":"InterPet Expo Vietnam","article_modified_time":"2024-08-29T04:12:06+00:00","twitter_card":"summary_large_image","twitter_misc":{"Dur\u00e9e de lecture estim\u00e9e":"39 minutes"},"schema":{"@context":"https:\/\/schema.org","@graph":[{"@type":"WebPage","@id":"https:\/\/interpetvietnam.com\/thao-dien-petfest\/exhibitor-regulation\/","url":"https:\/\/interpetvietnam.com\/thao-dien-petfest\/exhibitor-regulation\/","name":"Exhibitor Regulation - InterPet Expo Vietnam","isPartOf":{"@id":"https:\/\/interpetvietnam.com\/#website"},"datePublished":"2024-08-29T02:29:44+00:00","dateModified":"2024-08-29T04:12:06+00:00","breadcrumb":{"@id":"https:\/\/interpetvietnam.com\/thao-dien-petfest\/exhibitor-regulation\/#breadcrumb"},"inLanguage":"fr-FR","potentialAction":[{"@type":"ReadAction","target":["https:\/\/interpetvietnam.com\/thao-dien-petfest\/exhibitor-regulation\/"]}]},{"@type":"BreadcrumbList","@id":"https:\/\/interpetvietnam.com\/thao-dien-petfest\/exhibitor-regulation\/#breadcrumb","itemListElement":[{"@type":"ListItem","position":1,"name":"Home","item":"https:\/\/interpetvietnam.com\/"},{"@type":"ListItem","position":2,"name":"Th\u1ea3o \u0110i\u1ec1n PetFest","item":"https:\/\/interpetvietnam.com\/thao-dien-petfest\/"},{"@type":"ListItem","position":3,"name":"Exhibitor Regulation"}]},{"@type":"WebSite","@id":"https:\/\/interpetvietnam.com\/#website","url":"https:\/\/interpetvietnam.com\/","name":"InterPet Expo Vietnam","description":"","publisher":{"@id":"https:\/\/interpetvietnam.com\/#organization"},"potentialAction":[{"@type":"SearchAction","target":{"@type":"EntryPoint","urlTemplate":"https:\/\/interpetvietnam.com\/?s={search_term_string}"},"query-input":{"@type":"PropertyValueSpecification","valueRequired":true,"valueName":"search_term_string"}}],"inLanguage":"fr-FR"},{"@type":"Organization","@id":"https:\/\/interpetvietnam.com\/#organization","name":"InterPet Expo Vietnam","url":"https:\/\/interpetvietnam.com\/","logo":{"@type":"ImageObject","inLanguage":"fr-FR","@id":"https:\/\/interpetvietnam.com\/#\/schema\/logo\/image\/","url":"https:\/\/interpetvietnam.com\/wp-content\/uploads\/2025\/12\/interpetlogoheader.png","contentUrl":"https:\/\/interpetvietnam.com\/wp-content\/uploads\/2025\/12\/interpetlogoheader.png","width":1361,"height":719,"caption":"InterPet Expo Vietnam"},"image":{"@id":"https:\/\/interpetvietnam.com\/#\/schema\/logo\/image\/"}}]}},"_links":{"self":[{"href":"https:\/\/interpetvietnam.com\/fr\/wp-json\/wp\/v2\/pages\/8090","targetHints":{"allow":["GET"]}}],"collection":[{"href":"https:\/\/interpetvietnam.com\/fr\/wp-json\/wp\/v2\/pages"}],"about":[{"href":"https:\/\/interpetvietnam.com\/fr\/wp-json\/wp\/v2\/types\/page"}],"author":[{"embeddable":true,"href":"https:\/\/interpetvietnam.com\/fr\/wp-json\/wp\/v2\/users\/1"}],"replies":[{"embeddable":true,"href":"https:\/\/interpetvietnam.com\/fr\/wp-json\/wp\/v2\/comments?post=8090"}],"version-history":[{"count":0,"href":"https:\/\/interpetvietnam.com\/fr\/wp-json\/wp\/v2\/pages\/8090\/revisions"}],"up":[{"embeddable":true,"href":"https:\/\/interpetvietnam.com\/fr\/wp-json\/wp\/v2\/pages\/8082"}],"wp:attachment":[{"href":"https:\/\/interpetvietnam.com\/fr\/wp-json\/wp\/v2\/media?parent=8090"}],"curies":[{"name":"wp","href":"https:\/\/api.w.org\/{rel}","templated":true}]}}